{"id":15,"date":"2019-11-21T18:53:56","date_gmt":"2019-11-21T18:53:56","guid":{"rendered":"https:\/\/baraevent.hu\/?page_id=15"},"modified":"2021-05-04T14:05:39","modified_gmt":"2021-05-04T12:05:39","slug":"multikulti-eskuvo","status":"publish","type":"page","link":"https:\/\/baraevent.hu\/en\/multikulti-eskuvo\/","title":{"rendered":"Multikulti Esk\u00fcv\u0151"},"content":{"rendered":"<div data-elementor-type=\"wp-page\" data-elementor-id=\"15\" class=\"elementor elementor-15\" data-elementor-post-type=\"page\">\n\t\t\t\t\t\t<section class=\"elementor-section elementor-top-section elementor-element elementor-element-29dc7d9 elementor-section-boxed elementor-section-height-default elementor-section-height-default\" data-id=\"29dc7d9\" data-element_type=\"section\" data-e-type=\"section\">\n\t\t\t\t\t\t<div class=\"elementor-container elementor-column-gap-default\">\n\t\t\t\t\t<div class=\"elementor-column elementor-col-100 elementor-top-column elementor-element elementor-element-a7d491b\" data-id=\"a7d491b\" data-element_type=\"column\" data-e-type=\"column\" data-settings=\"{&quot;background_background&quot;:&quot;classic&quot;}\">\n\t\t\t<div class=\"elementor-widget-wrap elementor-element-populated\">\n\t\t\t\t\t<div class=\"elementor-background-overlay\"><\/div>\n\t\t\t\t\t\t<section class=\"elementor-section elementor-inner-section elementor-element elementor-element-9f769a2 elementor-section-height-min-height elementor-section-boxed elementor-section-height-default\" data-id=\"9f769a2\" data-element_type=\"section\" data-e-type=\"section\">\n\t\t\t\t\t\t<div class=\"elementor-container elementor-column-gap-default\">\n\t\t\t\t\t<div class=\"elementor-column elementor-col-100 elementor-inner-column elementor-element elementor-element-4eaf6ce\" data-id=\"4eaf6ce\" data-element_type=\"column\" data-e-type=\"column\" data-settings=\"{&quot;background_background&quot;:&quot;classic&quot;}\">\n\t\t\t<div class=\"elementor-widget-wrap elementor-element-populated\">\n\t\t\t\t\t<div class=\"elementor-background-overlay\"><\/div>\n\t\t\t\t\t\t<div class=\"elementor-element elementor-element-61965dc elementor-widget elementor-widget-text-editor\" data-id=\"61965dc\" data-element_type=\"widget\" data-e-type=\"widget\" data-widget_type=\"text-editor.default\">\n\t\t\t\t<div class=\"elementor-widget-container\">\n\t\t\t\t\t\t\t\t\t<h1>Multikulti Esk\u00fcv\u0151<\/h1>\t\t\t\t\t\t\t\t<\/div>\n\t\t\t\t<\/div>\n\t\t\t\t\t<\/div>\n\t\t<\/div>\n\t\t\t\t\t<\/div>\n\t\t<\/section>\n\t\t\t\t<section class=\"elementor-section elementor-inner-section elementor-element elementor-element-b01d9a5 elementor-section-boxed elementor-section-height-default elementor-section-height-default\" data-id=\"b01d9a5\" data-element_type=\"section\" data-e-type=\"section\">\n\t\t\t\t\t\t<div class=\"elementor-container elementor-column-gap-default\">\n\t\t\t\t\t<div class=\"elementor-column elementor-col-50 elementor-inner-column elementor-element elementor-element-17b3ecb\" data-id=\"17b3ecb\" data-element_type=\"column\" data-e-type=\"column\">\n\t\t\t<div class=\"elementor-widget-wrap elementor-element-populated\">\n\t\t\t\t\t\t<div class=\"elementor-element elementor-element-1e6a686 elementor-widget elementor-widget-text-editor\" data-id=\"1e6a686\" data-element_type=\"widget\" data-e-type=\"widget\" data-widget_type=\"text-editor.default\">\n\t\t\t\t<div class=\"elementor-widget-container\">\n\t\t\t\t\t\t\t\t\t<p>Az elm\u00falt 15 \u00e9vben k\u00f6zel sz\u00e1z magyar esk\u00fcv\u0151 mellett egyre t\u00f6bb<strong> multicultural weddings <\/strong>.<\/p><p>From <strong>olasz-magyar, orosz-magyar, angol-magyar, francia-magyar, n\u00e9met-magyar, lengyel-magyar, holland-magyar<\/strong> I have had the pleasure of creating unique and unforgettable celebrations for couples from different cultures.<\/p>\t\t\t\t\t\t\t\t<\/div>\n\t\t\t\t<\/div>\n\t\t\t\t\t<\/div>\n\t\t<\/div>\n\t\t\t\t<div class=\"elementor-column elementor-col-50 elementor-inner-column elementor-element elementor-element-7e98f9b\" data-id=\"7e98f9b\" data-element_type=\"column\" data-e-type=\"column\">\n\t\t\t<div class=\"elementor-widget-wrap elementor-element-populated\">\n\t\t\t\t\t\t<div class=\"elementor-element elementor-element-e338675 elementor-widget elementor-widget-image\" data-id=\"e338675\" data-element_type=\"widget\" data-e-type=\"widget\" data-widget_type=\"image.default\">\n\t\t\t\t<div class=\"elementor-widget-container\">\n\t\t\t\t\t\t\t\t\t\t\t\t\t\t\t<img fetchpriority=\"high\" decoding=\"async\" width=\"580\" height=\"387\" src=\"https:\/\/baraevent.hu\/wp-content\/uploads\/2019\/11\/K_M_eskuvoi_torta.jpg\" class=\"attachment-large size-large wp-image-288\" alt=\"multikulti esk\u00fcv\u0151\" srcset=\"https:\/\/baraevent.hu\/wp-content\/uploads\/2019\/11\/K_M_eskuvoi_torta.jpg 800w, https:\/\/baraevent.hu\/wp-content\/uploads\/2019\/11\/K_M_eskuvoi_torta-600x401.jpg 600w, https:\/\/baraevent.hu\/wp-content\/uploads\/2019\/11\/K_M_eskuvoi_torta-300x200.jpg 300w, https:\/\/baraevent.hu\/wp-content\/uploads\/2019\/11\/K_M_eskuvoi_torta-768x513.jpg 768w\" sizes=\"(max-width: 580px) 100vw, 580px\" \/>\t\t\t\t\t\t\t\t\t\t\t\t\t\t\t<\/div>\n\t\t\t\t<\/div>\n\t\t\t\t\t<\/div>\n\t\t<\/div>\n\t\t\t\t\t<\/div>\n\t\t<\/section>\n\t\t\t\t<div class=\"elementor-element elementor-element-baae33f elementor-widget elementor-widget-text-editor\" data-id=\"baae33f\" data-element_type=\"widget\" data-e-type=\"widget\" data-widget_type=\"text-editor.default\">\n\t\t\t\t<div class=\"elementor-widget-container\">\n\t\t\t\t\t\t\t\t\t<p><span style=\"font-size: inherit; letter-spacing: -0.015em; text-align: inherit;\">Planning a <\/span><b style=\"font-size: inherit; letter-spacing: -0.015em; text-align: inherit;\">multicultural wedding<\/b><span style=\"font-size: inherit; letter-spacing: -0.015em; text-align: inherit;\"> comes with unique challenges, but with my expertise, I can help you navigate every detail seamlessly. My wedding planning services cover everything from venue selection to on-the-day coordination, ensuring a stress-free experience for you.\n\nI offer specialized assistance with:\n\u2665 Bilingual ceremonies\n\u2665 Multilingual wedding vendors\n\u2665 Cultural traditions integration\n\u2665 Gastronomic specialties\n\u2665 On-the-day coordination to ensure a smooth celebration<br><\/span><\/p>\n<p><span style=\"font-size: inherit; text-align: inherit; letter-spacing: -0.015em;\">Szem\u00e9lyre szabottan dolgozom, figyelembe v\u00e9ve elk\u00e9pzel\u00e9seiteket \u00e9s szok\u00e1saitokat. <\/span><span style=\"font-size: inherit; text-align: inherit; letter-spacing: -0.015em;\">A multikulti esk\u00fcv\u0151kben van mindig egy kis csavar. Megismerve a k\u00e9t nemzet esk\u00fcv\u0151i szok\u00e1sait, sz\u00e9pen \u00f6ssze kell f\u00e9s\u00fclni azokat. K\u00f6z\u00f6s megbesz\u00e9l\u00e9sek eredm\u00e9nyek\u00e9nt sz\u00fcletik meg, hogy kinek melyik szok\u00e1s fontos \u00e9s mit \u00e9p\u00edts\u00fcnk bele a napba. Azt\u00e1n sz\u00e9p lassan \u00f6ssze\u00e1ll a k\u00e9p. Csod\u00e1latos feladat! <\/span><span style=\"font-size: inherit; text-align: inherit; letter-spacing: -0.015em;\"> A vend\u00e9gek egyr\u00e9szt nagyon nyitottak a m\u00e1sik nemzet szok\u00e1sai ir\u00e1nt \u00e9s nagyon \u00f6r\u00fclnek, ha a saj\u00e1t esk\u00fcv\u0151i trad\u00edci\u00f3ik is megjelennek. \u00cdgy igaz\u00e1n mindenki otthonosan \u00e9rezheti mag\u00e1t esk\u00fcv\u0151t\u00f6k\u00f6n. Ha sz\u00fcks\u00e9getek van szak\u00e9rt\u0151 seg\u00edts\u00e9gre, akkor forduljatok hozz\u00e1m bizalommal.<\/span><\/p>\t\t\t\t\t\t\t\t<\/div>\n\t\t\t\t<\/div>\n\t\t\t\t<div class=\"elementor-element elementor-element-561c095 elementor-widget elementor-widget-text-editor\" data-id=\"561c095\" data-element_type=\"widget\" data-e-type=\"widget\" data-widget_type=\"text-editor.default\">\n\t\t\t\t<div class=\"elementor-widget-container\">\n\t\t\t\t\t\t\t\t\t<p>Felejthetetlen \u00e9lm\u00e9nyekkel lettem \u00e9n is gazdagabb egy-egy nemzetk\u00f6zi esk\u00fcv\u0151 ut\u00e1n. Legut\u00f3bb egy holland &#8211; magyar esk\u00fcv\u0151t szerveztem egy csod\u00e1latos vid\u00e9ki kast\u00e9lyban. A holland vend\u00e9gek im\u00e1dt\u00e1k az eleg\u00e1ns helysz\u00ednt, a magyar t\u00e1ncbemutat\u00f3t \u00e9s a finom magyar \u00e9teleket. Az esk\u00fcv\u0151i torta felszolg\u00e1l\u00e1sa viszont holland szok\u00e1s szerint alakult. Nem vacsora ut\u00e1n, hanem kora d\u00e9lut\u00e1n szolg\u00e1lt\u00e1k fel az esk\u00fcv\u0151i tort\u00e1t k\u00e1v\u00e9val \u00e9s te\u00e1val. <\/p>\t\t\t\t\t\t\t\t<\/div>\n\t\t\t\t<\/div>\n\t\t\t\t<div class=\"elementor-element elementor-element-f86801c elementor-widget elementor-widget-image\" data-id=\"f86801c\" data-element_type=\"widget\" data-e-type=\"widget\" data-widget_type=\"image.default\">\n\t\t\t\t<div class=\"elementor-widget-container\">\n\t\t\t\t\t\t\t\t\t\t\t\t\t\t\t<img decoding=\"async\" width=\"580\" height=\"218\" src=\"https:\/\/baraevent.hu\/wp-content\/uploads\/2019\/11\/virag4-1024x384.png\" class=\"attachment-large size-large wp-image-279\" alt=\"esk\u00fcv\u0151szervez\u00e9s \u00e1rak\" srcset=\"https:\/\/baraevent.hu\/wp-content\/uploads\/2019\/11\/virag4-1024x384.png 1024w, https:\/\/baraevent.hu\/wp-content\/uploads\/2019\/11\/virag4-600x225.png 600w, https:\/\/baraevent.hu\/wp-content\/uploads\/2019\/11\/virag4-300x113.png 300w, https:\/\/baraevent.hu\/wp-content\/uploads\/2019\/11\/virag4-768x288.png 768w, https:\/\/baraevent.hu\/wp-content\/uploads\/2019\/11\/virag4-1200x450.png 1200w, https:\/\/baraevent.hu\/wp-content\/uploads\/2019\/11\/virag4.png 1338w\" sizes=\"(max-width: 580px) 100vw, 580px\" \/>\t\t\t\t\t\t\t\t\t\t\t\t\t\t\t<\/div>\n\t\t\t\t<\/div>\n\t\t\t\t<div class=\"elementor-element elementor-element-633dc93 elementor-widget elementor-widget-text-editor\" data-id=\"633dc93\" data-element_type=\"widget\" data-e-type=\"widget\" data-widget_type=\"text-editor.default\">\n\t\t\t\t<div class=\"elementor-widget-container\">\n\t\t\t\t\t\t\t\t\t<p>Let\u2019s Plan Your Dream Wedding! <a href=\"https:\/\/baraevent.hu\/en\/kapcsolat\/\">Contact Us <\/a>me today to arrange our first meeting!<\/p>\t\t\t\t\t\t\t\t<\/div>\n\t\t\t\t<\/div>\n\t\t\t\t\t<\/div>\n\t\t<\/div>\n\t\t\t\t\t<\/div>\n\t\t<\/section>\n\t\t\t\t<\/div>","protected":false},"excerpt":{"rendered":"<p>Multikulti Esk\u00fcv\u0151 Az elm\u00falt 15 \u00e9vben k\u00f6zel sz\u00e1z magyar esk\u00fcv\u0151 mellett egyre t\u00f6bb multikulti esk\u00fcv\u0151 megszervez\u00e9s\u00e9ben vettem r\u00e9szt nagy \u00f6r\u00f6mmel. Szervezt\u00fcnk olasz-magyar, orosz-magyar, angol-magyar, francia-magyar, n\u00e9met-magyar, lengyel-magyar, holland-magyar esk\u00fcv\u0151ket. T\u00f6bb \u00e9ves tapasztalatomb\u00f3l fakad\u00f3an a multikulti esk\u00fcv\u0151k szervez\u00e9se sor\u00e1n seg\u00edts\u00e9getekre tudok lenni a szervez\u00e9si munk\u00e1latok mellett k\u00fcl\u00f6nlegesebb feladatok megszervez\u00e9s\u00e9ben is, legyen sz\u00f3 k\u00e9tnyelv\u0171 mis\u00e9r\u0151l, idegen nyelveket [&hellip;]<\/p>\n","protected":false},"author":1,"featured_media":0,"parent":0,"menu_order":0,"comment_status":"closed","ping_status":"closed","template":"elementor_header_footer","meta":{"inline_featured_image":false,"_ppp_document_settings_meta":"","footnotes":""},"class_list":["post-15","page","type-page","status-publish","hentry"],"yoast_head":"<!-- This site is optimized with the Yoast SEO plugin v27.4 - https:\/\/yoast.com\/product\/yoast-seo-wordpress\/ -->\n<title>Multikulti Esk\u00fcv\u0151 - magyar \u00e9s k\u00fclf\u00f6li esk\u00fcv\u0151 - Bara Wedding<\/title>\n<meta name=\"description\" content=\"K\u00fclf\u00f6ldi a p\u00e1rod? Szeretn\u00e9tek a magyar \u00e9s a p\u00e1rod nemzet\u00e9nek esk\u00fcv\u0151i szok\u00e1sait is megjelen\u00edteni? Ez a multikulti esk\u00fcv\u0151 csod\u00e1ja!\" \/>\n<meta name=\"robots\" content=\"index, follow, max-snippet:-1, max-image-preview:large, max-video-preview:-1\" \/>\n<link rel=\"canonical\" href=\"https:\/\/baraevent.hu\/en\/multikulti-eskuvo\/\" \/>\n<meta property=\"og:locale\" content=\"en_GB\" \/>\n<meta property=\"og:type\" content=\"article\" \/>\n<meta property=\"og:title\" content=\"Multikulti Esk\u00fcv\u0151 - magyar \u00e9s k\u00fclf\u00f6li esk\u00fcv\u0151 - Bara Wedding\" \/>\n<meta property=\"og:description\" content=\"K\u00fclf\u00f6ldi a p\u00e1rod? Szeretn\u00e9tek a magyar \u00e9s a p\u00e1rod nemzet\u00e9nek esk\u00fcv\u0151i szok\u00e1sait is megjelen\u00edteni? Ez a multikulti esk\u00fcv\u0151 csod\u00e1ja!\" \/>\n<meta property=\"og:url\" content=\"https:\/\/baraevent.hu\/en\/multikulti-eskuvo\/\" \/>\n<meta property=\"og:site_name\" content=\"Bara Wedding\" \/>\n<meta property=\"article:publisher\" content=\"http:\/\/www.facebook.com\/baraeskuvo\/\" \/>\n<meta property=\"article:modified_time\" content=\"2021-05-04T12:05:39+00:00\" \/>\n<meta property=\"og:image\" content=\"https:\/\/baraevent.hu\/wp-content\/uploads\/2019\/11\/K_M_eskuvoi_torta.jpg\" \/>\n<meta name=\"twitter:card\" content=\"summary_large_image\" \/>\n<meta name=\"twitter:label1\" content=\"Estimated reading time\" \/>\n\t<meta name=\"twitter:data1\" content=\"2 minutes\" \/>\n<script type=\"application\/ld+json\" class=\"yoast-schema-graph\">{\"@context\":\"https:\\\/\\\/schema.org\",\"@graph\":[{\"@type\":\"WebPage\",\"@id\":\"https:\\\/\\\/baraevent.hu\\\/multikulti-eskuvo\\\/\",\"url\":\"https:\\\/\\\/baraevent.hu\\\/multikulti-eskuvo\\\/\",\"name\":\"Multikulti Esk\u00fcv\u0151 - magyar \u00e9s k\u00fclf\u00f6li esk\u00fcv\u0151 - Bara Wedding\",\"isPartOf\":{\"@id\":\"https:\\\/\\\/baraevent.hu\\\/#website\"},\"primaryImageOfPage\":{\"@id\":\"https:\\\/\\\/baraevent.hu\\\/multikulti-eskuvo\\\/#primaryimage\"},\"image\":{\"@id\":\"https:\\\/\\\/baraevent.hu\\\/multikulti-eskuvo\\\/#primaryimage\"},\"thumbnailUrl\":\"https:\\\/\\\/baraevent.hu\\\/wp-content\\\/uploads\\\/2019\\\/11\\\/K_M_eskuvoi_torta.jpg\",\"datePublished\":\"2019-11-21T18:53:56+00:00\",\"dateModified\":\"2021-05-04T12:05:39+00:00\",\"description\":\"K\u00fclf\u00f6ldi a p\u00e1rod? Szeretn\u00e9tek a magyar \u00e9s a p\u00e1rod nemzet\u00e9nek esk\u00fcv\u0151i szok\u00e1sait is megjelen\u00edteni? Ez a multikulti esk\u00fcv\u0151 csod\u00e1ja!\",\"breadcrumb\":{\"@id\":\"https:\\\/\\\/baraevent.hu\\\/multikulti-eskuvo\\\/#breadcrumb\"},\"inLanguage\":\"en-GB\",\"potentialAction\":[{\"@type\":\"ReadAction\",\"target\":[\"https:\\\/\\\/baraevent.hu\\\/multikulti-eskuvo\\\/\"]}]},{\"@type\":\"ImageObject\",\"inLanguage\":\"en-GB\",\"@id\":\"https:\\\/\\\/baraevent.hu\\\/multikulti-eskuvo\\\/#primaryimage\",\"url\":\"https:\\\/\\\/baraevent.hu\\\/wp-content\\\/uploads\\\/2019\\\/11\\\/K_M_eskuvoi_torta.jpg\",\"contentUrl\":\"https:\\\/\\\/baraevent.hu\\\/wp-content\\\/uploads\\\/2019\\\/11\\\/K_M_eskuvoi_torta.jpg\"},{\"@type\":\"BreadcrumbList\",\"@id\":\"https:\\\/\\\/baraevent.hu\\\/multikulti-eskuvo\\\/#breadcrumb\",\"itemListElement\":[{\"@type\":\"ListItem\",\"position\":1,\"name\":\"Home\",\"item\":\"https:\\\/\\\/baraevent.hu\\\/\"},{\"@type\":\"ListItem\",\"position\":2,\"name\":\"Multikulti Esk\u00fcv\u0151\"}]},{\"@type\":\"WebSite\",\"@id\":\"https:\\\/\\\/baraevent.hu\\\/#website\",\"url\":\"https:\\\/\\\/baraevent.hu\\\/\",\"name\":\"www.baraevent.hu\",\"description\":\"\",\"publisher\":{\"@id\":\"https:\\\/\\\/baraevent.hu\\\/#organization\"},\"potentialAction\":[{\"@type\":\"SearchAction\",\"target\":{\"@type\":\"EntryPoint\",\"urlTemplate\":\"https:\\\/\\\/baraevent.hu\\\/?s={search_term_string}\"},\"query-input\":{\"@type\":\"PropertyValueSpecification\",\"valueRequired\":true,\"valueName\":\"search_term_string\"}}],\"inLanguage\":\"en-GB\"},{\"@type\":\"Organization\",\"@id\":\"https:\\\/\\\/baraevent.hu\\\/#organization\",\"name\":\"Bara Wedding\",\"url\":\"https:\\\/\\\/baraevent.hu\\\/\",\"logo\":{\"@type\":\"ImageObject\",\"inLanguage\":\"en-GB\",\"@id\":\"https:\\\/\\\/baraevent.hu\\\/#\\\/schema\\\/logo\\\/image\\\/\",\"url\":\"https:\\\/\\\/baraevent.hu\\\/wp-content\\\/uploads\\\/2019\\\/11\\\/logo-e1593417291257.png\",\"contentUrl\":\"https:\\\/\\\/baraevent.hu\\\/wp-content\\\/uploads\\\/2019\\\/11\\\/logo-e1593417291257.png\",\"width\":700,\"height\":276,\"caption\":\"Bara Wedding\"},\"image\":{\"@id\":\"https:\\\/\\\/baraevent.hu\\\/#\\\/schema\\\/logo\\\/image\\\/\"},\"sameAs\":[\"http:\\\/\\\/www.facebook.com\\\/baraeskuvo\\\/\",\"https:\\\/\\\/www.instagram.com\\\/weddingbara\"]}]}<\/script>\n<!-- \/ Yoast SEO plugin. -->","yoast_head_json":{"title":"Multikulti Esk\u00fcv\u0151 - magyar \u00e9s k\u00fclf\u00f6li esk\u00fcv\u0151 - Bara Wedding","description":"K\u00fclf\u00f6ldi a p\u00e1rod? Szeretn\u00e9tek a magyar \u00e9s a p\u00e1rod nemzet\u00e9nek esk\u00fcv\u0151i szok\u00e1sait is megjelen\u00edteni? Ez a multikulti esk\u00fcv\u0151 csod\u00e1ja!","robots":{"index":"index","follow":"follow","max-snippet":"max-snippet:-1","max-image-preview":"max-image-preview:large","max-video-preview":"max-video-preview:-1"},"canonical":"https:\/\/baraevent.hu\/en\/multikulti-eskuvo\/","og_locale":"en_GB","og_type":"article","og_title":"Multikulti Esk\u00fcv\u0151 - magyar \u00e9s k\u00fclf\u00f6li esk\u00fcv\u0151 - Bara Wedding","og_description":"K\u00fclf\u00f6ldi a p\u00e1rod? Szeretn\u00e9tek a magyar \u00e9s a p\u00e1rod nemzet\u00e9nek esk\u00fcv\u0151i szok\u00e1sait is megjelen\u00edteni? Ez a multikulti esk\u00fcv\u0151 csod\u00e1ja!","og_url":"https:\/\/baraevent.hu\/en\/multikulti-eskuvo\/","og_site_name":"Bara Wedding","article_publisher":"http:\/\/www.facebook.com\/baraeskuvo\/","article_modified_time":"2021-05-04T12:05:39+00:00","og_image":[{"url":"https:\/\/baraevent.hu\/wp-content\/uploads\/2019\/11\/K_M_eskuvoi_torta.jpg","type":"","width":"","height":""}],"twitter_card":"summary_large_image","twitter_misc":{"Estimated reading time":"2 minutes"},"schema":{"@context":"https:\/\/schema.org","@graph":[{"@type":"WebPage","@id":"https:\/\/baraevent.hu\/multikulti-eskuvo\/","url":"https:\/\/baraevent.hu\/multikulti-eskuvo\/","name":"Multikulti Esk\u00fcv\u0151 - magyar \u00e9s k\u00fclf\u00f6li esk\u00fcv\u0151 - Bara Wedding","isPartOf":{"@id":"https:\/\/baraevent.hu\/#website"},"primaryImageOfPage":{"@id":"https:\/\/baraevent.hu\/multikulti-eskuvo\/#primaryimage"},"image":{"@id":"https:\/\/baraevent.hu\/multikulti-eskuvo\/#primaryimage"},"thumbnailUrl":"https:\/\/baraevent.hu\/wp-content\/uploads\/2019\/11\/K_M_eskuvoi_torta.jpg","datePublished":"2019-11-21T18:53:56+00:00","dateModified":"2021-05-04T12:05:39+00:00","description":"K\u00fclf\u00f6ldi a p\u00e1rod? Szeretn\u00e9tek a magyar \u00e9s a p\u00e1rod nemzet\u00e9nek esk\u00fcv\u0151i szok\u00e1sait is megjelen\u00edteni? Ez a multikulti esk\u00fcv\u0151 csod\u00e1ja!","breadcrumb":{"@id":"https:\/\/baraevent.hu\/multikulti-eskuvo\/#breadcrumb"},"inLanguage":"en-GB","potentialAction":[{"@type":"ReadAction","target":["https:\/\/baraevent.hu\/multikulti-eskuvo\/"]}]},{"@type":"ImageObject","inLanguage":"en-GB","@id":"https:\/\/baraevent.hu\/multikulti-eskuvo\/#primaryimage","url":"https:\/\/baraevent.hu\/wp-content\/uploads\/2019\/11\/K_M_eskuvoi_torta.jpg","contentUrl":"https:\/\/baraevent.hu\/wp-content\/uploads\/2019\/11\/K_M_eskuvoi_torta.jpg"},{"@type":"BreadcrumbList","@id":"https:\/\/baraevent.hu\/multikulti-eskuvo\/#breadcrumb","itemListElement":[{"@type":"ListItem","position":1,"name":"Home","item":"https:\/\/baraevent.hu\/"},{"@type":"ListItem","position":2,"name":"Multikulti Esk\u00fcv\u0151"}]},{"@type":"WebSite","@id":"https:\/\/baraevent.hu\/#website","url":"https:\/\/baraevent.hu\/","name":"www.baraevent.hu","description":"","publisher":{"@id":"https:\/\/baraevent.hu\/#organization"},"potentialAction":[{"@type":"SearchAction","target":{"@type":"EntryPoint","urlTemplate":"https:\/\/baraevent.hu\/?s={search_term_string}"},"query-input":{"@type":"PropertyValueSpecification","valueRequired":true,"valueName":"search_term_string"}}],"inLanguage":"en-GB"},{"@type":"Organization","@id":"https:\/\/baraevent.hu\/#organization","name":"Bara Wedding","url":"https:\/\/baraevent.hu\/","logo":{"@type":"ImageObject","inLanguage":"en-GB","@id":"https:\/\/baraevent.hu\/#\/schema\/logo\/image\/","url":"https:\/\/baraevent.hu\/wp-content\/uploads\/2019\/11\/logo-e1593417291257.png","contentUrl":"https:\/\/baraevent.hu\/wp-content\/uploads\/2019\/11\/logo-e1593417291257.png","width":700,"height":276,"caption":"Bara Wedding"},"image":{"@id":"https:\/\/baraevent.hu\/#\/schema\/logo\/image\/"},"sameAs":["http:\/\/www.facebook.com\/baraeskuvo\/","https:\/\/www.instagram.com\/weddingbara"]}]}},"_links":{"self":[{"href":"https:\/\/baraevent.hu\/en\/wp-json\/wp\/v2\/pages\/15","targetHints":{"allow":["GET"]}}],"collection":[{"href":"https:\/\/baraevent.hu\/en\/wp-json\/wp\/v2\/pages"}],"about":[{"href":"https:\/\/baraevent.hu\/en\/wp-json\/wp\/v2\/types\/page"}],"author":[{"embeddable":true,"href":"https:\/\/baraevent.hu\/en\/wp-json\/wp\/v2\/users\/1"}],"replies":[{"embeddable":true,"href":"https:\/\/baraevent.hu\/en\/wp-json\/wp\/v2\/comments?post=15"}],"version-history":[{"count":21,"href":"https:\/\/baraevent.hu\/en\/wp-json\/wp\/v2\/pages\/15\/revisions"}],"predecessor-version":[{"id":2978,"href":"https:\/\/baraevent.hu\/en\/wp-json\/wp\/v2\/pages\/15\/revisions\/2978"}],"wp:attachment":[{"href":"https:\/\/baraevent.hu\/en\/wp-json\/wp\/v2\/media?parent=15"}],"curies":[{"name":"wp","href":"https:\/\/api.w.org\/{rel}","templated":true}]}}