{"id":5273,"date":"2026-04-02T15:14:57","date_gmt":"2026-04-02T13:14:57","guid":{"rendered":"https:\/\/baraevent.hu\/?page_id=5273"},"modified":"2026-04-02T15:59:10","modified_gmt":"2026-04-02T13:59:10","slug":"2-a-szertartas","status":"publish","type":"page","link":"https:\/\/baraevent.hu\/en\/menyasszonyi-mentor-program\/2-a-szertartas\/","title":{"rendered":"2. A szertart\u00e1s"},"content":{"rendered":"<div data-elementor-type=\"wp-page\" data-elementor-id=\"5273\" class=\"elementor elementor-5273\" data-elementor-post-type=\"page\">\n\t\t\t\t\t\t<section class=\"elementor-section elementor-top-section elementor-element elementor-element-c2c871c elementor-section-full_width elementor-section-height-default elementor-section-height-default\" data-id=\"c2c871c\" data-element_type=\"section\" data-e-type=\"section\">\n\t\t\t\t\t\t<div class=\"elementor-container elementor-column-gap-default\">\n\t\t\t\t\t<div class=\"elementor-column elementor-col-100 elementor-top-column elementor-element elementor-element-b1a486c\" data-id=\"b1a486c\" data-element_type=\"column\" data-e-type=\"column\">\n\t\t\t<div class=\"elementor-widget-wrap elementor-element-populated\">\n\t\t\t\t\t\t<div class=\"elementor-element elementor-element-6ffc4af elementor--v-position-bottom elementor--h-position-center elementor-pagination-position-inside elementor-widget elementor-widget-slides\" data-id=\"6ffc4af\" data-element_type=\"widget\" data-e-type=\"widget\" data-settings=\"{&quot;navigation&quot;:&quot;dots&quot;,&quot;autoplay_speed&quot;:3000,&quot;autoplay&quot;:&quot;yes&quot;,&quot;infinite&quot;:&quot;yes&quot;,&quot;transition&quot;:&quot;slide&quot;,&quot;transition_speed&quot;:500}\" data-widget_type=\"slides.default\">\n\t\t\t\t<div class=\"elementor-widget-container\">\n\t\t\t\t\t\t\t\t\t<div class=\"elementor-swiper\">\n\t\t\t\t\t<div class=\"elementor-slides-wrapper elementor-main-swiper swiper\" role=\"region\" aria-roledescription=\"carousel\" aria-label=\"Di\u00e1k\" dir=\"ltr\" data-animation=\"fadeInUp\">\n\t\t\t\t<div class=\"swiper-wrapper elementor-slides\">\n\t\t\t\t\t\t\t\t\t\t<div class=\"elementor-repeater-item-a8b424a swiper-slide\" role=\"group\" aria-roledescription=\"slide\"><div class=\"swiper-slide-bg\" role=\"img\" aria-label=\"KezdA\u030a_kA\u0303\u00a9p\"><\/div><div class=\"swiper-slide-inner\" ><div class=\"swiper-slide-contents\"><\/div><\/div><\/div>\t\t\t\t<\/div>\n\t\t\t\t\t\t\t<\/div>\n\t\t\t\t<\/div>\n\t\t\t\t\t\t\t\t<\/div>\n\t\t\t\t<\/div>\n\t\t\t\t\t<\/div>\n\t\t<\/div>\n\t\t\t\t\t<\/div>\n\t\t<\/section>\n\t\t\t\t<section class=\"elementor-section elementor-top-section elementor-element elementor-element-4497b09 elementor-section-boxed elementor-section-height-default elementor-section-height-default\" data-id=\"4497b09\" data-element_type=\"section\" data-e-type=\"section\">\n\t\t\t\t\t\t<div class=\"elementor-container elementor-column-gap-default\">\n\t\t\t\t\t<div class=\"elementor-column elementor-col-100 elementor-top-column elementor-element elementor-element-38d0ee6\" data-id=\"38d0ee6\" data-element_type=\"column\" data-e-type=\"column\">\n\t\t\t<div class=\"elementor-widget-wrap elementor-element-populated\">\n\t\t\t\t\t\t<div class=\"elementor-element elementor-element-ca2b03b elementor-widget elementor-widget-text-editor\" data-id=\"ca2b03b\" data-element_type=\"widget\" data-e-type=\"widget\" data-widget_type=\"text-editor.default\">\n\t\t\t\t<div class=\"elementor-widget-container\">\n\t\t\t\t\t\t\t\t\t<h2>Esk\u00fcv\u0151szervez\u00e9s 2. l\u00e9p\u00e9se: a szertart\u00e1s<\/h2><p><b>\u00d6r\u00fcl\u00f6k, hogy itt vagy!<\/b><span style=\"font-weight: 400;\">\u00a0<\/span><\/p><p><span style=\"font-weight: 400;\">Rem\u00e9lem, siker\u00fclt megtal\u00e1lnotok \u00e1lmaitok helysz\u00edn\u00e9t. Tudod, hogy a szervez\u00e9s egyik <\/span><b>legnehezebb r\u00e9sz\u00e9n vagytok t\u00fal?\u00a0<\/b><\/p><p><span style=\"font-weight: 400;\">A 2. r\u00e9szben a <\/span><b>templomi \u00e9s polg\u00e1ri szertart\u00e1ssal<\/b><span style=\"font-weight: 400;\"> kapcsolatos r\u00e9szleteket \u00e9s az ide kapcsol\u00f3d\u00f3 <\/span><b>to-do list\u00e1t<\/b><span style=\"font-weight: 400;\"> tal\u00e1lod meg. Ez a hivatalos \u00e9s szertart\u00e1si r\u00e9sz nagyon fontos, mert innen v\u00e1lik az esk\u00fcv\u0151t\u00f6k t\u00e9nyleg \u201eval\u00f3div\u00e1\u201d.<\/span><\/p><p><span style=\"font-weight: 400;\">Ebben a r\u00e9szben m\u00e9g 5 <\/span><b>k\u00f6rnyezetbar\u00e1t tippet<\/b><span style=\"font-weight: 400;\"> is kapsz, amit k\u00f6nnyen be\u00e9p\u00edthetsz Te is esk\u00fcv\u0151dbe.\u00a0<\/span><\/p><p><span style=\"font-weight: 400;\">Ideje bejelentkeznetek az anyak\u00f6nyvvezet\u0151h\u00f6z \u00e9s felvenni a kapcsolatot a templommal, ha szeretn\u00e9tek egyh\u00e1zi szertart\u00e1st is majd.\u00a0<\/span><\/p><h5><b>Mire figyeljetek a templomi esk\u00fcv\u0151n\u00e9l?<\/b><\/h5><ul><li style=\"font-weight: 400;\" aria-level=\"1\"><span style=\"font-weight: 400;\">praktikus az esk\u00fcv\u0151i eb\u00e9d\/vacsora helysz\u00edn\u00e9hez k\u00f6zeli templomot keresni<\/span><\/li><li style=\"font-weight: 400;\" aria-level=\"1\"><span style=\"font-weight: 400;\">jegyes oktat\u00e1sr\u00f3l egyeztetni a templommal id\u0151ben, mert t\u00f6bb h\u00e9tig tart<\/span><\/li><li style=\"font-weight: 400;\" aria-level=\"1\"><span style=\"font-weight: 400;\">szertat\u00e1s menet\u00e9t pontosan \u00e1tbesz\u00e9lni: bevonul\u00e1s, kivonul\u00e1s, ki hol \u00fcl, zene, van-e lehet\u0151s\u00e9g fot\u00f3zni a templom el\u0151tt.<\/span><\/li><\/ul>\t\t\t\t\t\t\t\t<\/div>\n\t\t\t\t<\/div>\n\t\t\t\t<div class=\"elementor-element elementor-element-68a7a34 elementor--v-position-bottom elementor--h-position-center elementor-pagination-position-inside elementor-widget elementor-widget-slides\" data-id=\"68a7a34\" data-element_type=\"widget\" data-e-type=\"widget\" data-settings=\"{&quot;navigation&quot;:&quot;dots&quot;,&quot;autoplay_speed&quot;:3000,&quot;autoplay&quot;:&quot;yes&quot;,&quot;infinite&quot;:&quot;yes&quot;,&quot;transition&quot;:&quot;slide&quot;,&quot;transition_speed&quot;:500}\" data-widget_type=\"slides.default\">\n\t\t\t\t<div class=\"elementor-widget-container\">\n\t\t\t\t\t\t\t\t\t<div class=\"elementor-swiper\">\n\t\t\t\t\t<div class=\"elementor-slides-wrapper elementor-main-swiper swiper\" role=\"region\" aria-roledescription=\"carousel\" aria-label=\"Di\u00e1k\" dir=\"ltr\" data-animation=\"fadeInUp\">\n\t\t\t\t<div class=\"swiper-wrapper elementor-slides\">\n\t\t\t\t\t\t\t\t\t\t<div class=\"elementor-repeater-item-a8b424a swiper-slide\" role=\"group\" aria-roledescription=\"slide\"><div class=\"swiper-slide-bg\" role=\"img\" aria-label=\"templom\"><\/div><div class=\"swiper-slide-inner\" ><div class=\"swiper-slide-contents\"><\/div><\/div><\/div>\t\t\t\t<\/div>\n\t\t\t\t\t\t\t<\/div>\n\t\t\t\t<\/div>\n\t\t\t\t\t\t\t\t<\/div>\n\t\t\t\t<\/div>\n\t\t\t\t<div class=\"elementor-element elementor-element-715b1e1 elementor-widget elementor-widget-text-editor\" data-id=\"715b1e1\" data-element_type=\"widget\" data-e-type=\"widget\" data-widget_type=\"text-editor.default\">\n\t\t\t\t<div class=\"elementor-widget-container\">\n\t\t\t\t\t\t\t\t\t<p><b>Mire figyeljetek a polg\u00e1ri szertart\u00e1sn\u00e1l?<\/b><\/p><ul><li style=\"font-weight: 400;\" aria-level=\"1\"><i><span style=\"font-weight: 400;\">Bejelentkez\u00e9s menete<\/span><\/i><span style=\"font-weight: 400;\">: <br \/><\/span>Anyak\u00f6nyvvezet\u0151h\u00f6z szem\u00e9lyesen kell mindkett\u0151t\u00f6knek elmenni a bejelentkez\u00e9shez. El\u0151re t\u00e1j\u00e9koz\u00f3djatok, hogy milyen dokumentumokat kell magatokkal vinni. A bejelentkez\u00e9s ideje esk\u00fcv\u0151 el\u0151tt 1 \u00e9vvel, min. 30 nappal \u2013 ez elt\u00e9r\u0151 lehet anyak\u00f6nyvi hivatalonk\u00e9nt!<\/li><li style=\"font-weight: 400;\" aria-level=\"1\"><i><span style=\"font-weight: 400;\">Dokumentumok: <br \/><\/span><\/i>A bejelentkez\u00e9shez A menyasszony \u00e9s a v\u0151leg\u00e9ny r\u00e9sz\u00e9r\u0151l szem\u00e9lyi igazolv\u00e1ny, lakc\u00edmk\u00e1rtya, sz\u00fclet\u00e9si anyak\u00f6nyvi kivonat, el\u0151z\u0151 h\u00e1zass\u00e1g eset\u00e9n a v\u00e1l\u00e1sr\u00f3l vagy \u00f6zvegys\u00e9gr\u0151l sz\u00f3l\u00f3 hivatalos dokumentum sz\u00fcks\u00e9ges.\u00a0<\/li><li style=\"font-weight: 400;\" aria-level=\"1\"><i><span style=\"font-weight: 400;\">K\u00fclf\u00f6ldi a p\u00e1rod? K\u00fclf\u00f6ld\u00f6n \u00e9ltek?<br \/><\/span><\/i>Ebben az esetben is jelen kell lennetek mindkett\u0151t\u00f6knek szem\u00e9lyesen a bejelentkez\u00e9sn\u00e9l. A k\u00fclf\u00f6ldi f\u00e9l dokumentumait (csal\u00e1di \u00e1llapot igazol\u00e1s, anyak\u00f6nyvi kivonat) az OFFI-n\u00e9l kell leford\u00edttatni. T\u00f6bb irod\u00e1juk is van Magyarorsz\u00e1gon!<\/li><li style=\"font-weight: 400;\" aria-level=\"1\"><i><span style=\"font-weight: 400;\">Venue<br \/><\/span><\/i>Legjobb, ha egy helysz\u00ednen, azaz a f\u0151 helysz\u00edneteken meg tudj\u00e1tok tartani a polg\u00e1ri \u00e9s egyh\u00e1zi szertart\u00e1st is. Ebben az esetben ahhoz az anyak\u00f6nyvvezet\u0151h\u00f6z kell bejelentkeznetek, ahova ter\u00fcletileg tartozik a f\u0151 helysz\u00ednetek, ahol az esk\u00fcv\u0151i vacsor\u00e1t is rendezitek. Az anyak\u00f6nyvvezet\u0151nek plusz kisz\u00e1ll\u00e1si d\u00edja van, ha k\u00fcls\u0151 helysz\u00ednen, azaz nem az anyak\u00f6nyvi hivatalban tarja a szertart\u00e1st. <br \/>Ha nincs lehet\u0151s\u00e9g egy helysz\u00ednre \u00f6sszeszervezni mindent, akkor pr\u00f3b\u00e1ljatok a f\u0151 helysz\u00ednhez k\u00f6zeli anyak\u00f6nyvi hivatalt, \u00a0 \u00a0 templomot tal\u00e1lni.\u00a0<\/li><\/ul><p><strong><i><b>\u2665\ufe0e <\/b><\/i>A polg\u00e1ri szertart\u00e1s r\u00e9szei<\/strong><\/p><p><span style=\"font-weight: 400;\">Vannak hivatalos \u00e9s v\u00e1laszthat\u00f3 r\u00e9szek, a v\u00e1laszthat\u00f3 r\u00e9szhez tartoznak:<\/span><\/p><ul><li style=\"font-weight: 400;\" aria-level=\"1\"><span style=\"font-weight: 400;\">sz\u00fcl\u0151k\u00f6sz\u00f6nt\u00e9s\u00a0<\/span><\/li><li style=\"font-weight: 400;\" aria-level=\"1\"><span style=\"font-weight: 400;\">pezsg\u0151s koccint\u00e1s\u00a0<\/span><\/li><li style=\"font-weight: 400;\" aria-level=\"1\"><span style=\"font-weight: 400;\">k\u00f6z\u00f6s \u00e9letet szimboliz\u00e1l\u00f3 r\u00f6vid cerem\u00f3nia (homok\u00f6nt\u00e9s, k\u00f6z\u00f6s k\u00e9p fest\u00e9se, k\u00f6z\u00f6s fa \u00fcltet\u00e9se)<\/span><\/li><li style=\"font-weight: 400;\" aria-level=\"1\"><span style=\"font-weight: 400;\">fogadalom t\u00e9tel<\/span><\/li><\/ul><p><strong><i><b>\u2665\ufe0e <\/b><\/i>Technika<\/strong><span style=\"font-weight: 400;\"> &#8211; szertart\u00e1s technikai h\u00e1tter\u00e9r\u0151l gondoskodni<\/span><\/p><ul><li style=\"font-weight: 400;\" aria-level=\"1\"><span style=\"font-weight: 400;\">hangos\u00edt\u00e1s (mikrofon az anyak\u00f6nyvvezet\u0151nek, al\u00e1fest\u0151 zen\u00e9hez) \u2013 a DJ vagy zenekar v\u00e9gzi ezt \u00e1ltal\u00e1ban<\/span><\/li><li style=\"font-weight: 400;\" aria-level=\"1\"><span style=\"font-weight: 400;\">sz\u00e9kek<\/span><\/li><li style=\"font-weight: 400;\" aria-level=\"1\"><span style=\"font-weight: 400;\">ny\u00e1ri esk\u00fcv\u0151n\u00e9l: naperny\u0151, \u00e1rny\u00e9kol\u00e1s<\/span><\/li><li style=\"font-weight: 400;\" aria-level=\"1\"><span style=\"font-weight: 400;\">\u0151szi, t\u00e9li esk\u00fcv\u0151n\u00e9l: h\u0151gomba<\/span><\/li><\/ul><p><i><span style=\"font-weight: 400;\"><strong><b>\u2665\ufe0e <\/b><\/strong><\/span><\/i><span style=\"font-weight: 400;\"><strong>Zene<\/strong><\/span><\/p><ul><li><span style=\"font-weight: 400;\">el\u0151re \u00f6ssze\u00e1ll\u00edtott \u00e9s a Dj-vel egyeztettet lista\u00a0<\/span><\/li><li><span style=\"font-weight: 400;\">4 nagyobb r\u00e9szhez kell zene: bevonul\u00e1s, al\u00e1fest\u0151 zene (instrument\u00e1lis) a szertart\u00e1shoz, sz\u00fcl\u0151k\u00f6sz\u00f6nt\u00e9s (ha van), kivonul\u00f3 zene.<\/span><\/li><li><span style=\"font-weight: 400;\">\u00e9l\u0151zene, p\u00e9ld\u00e1ul von\u00f3sn\u00e9gyes<\/span><\/li><\/ul><p><strong><b>\u2665\ufe0e <\/b>B terv<\/strong><\/p><p><span style=\"font-weight: 400;\">K\u00fclt\u00e9ri szertat\u00e1s eset\u00e9n mindig legyen B tervetek, azaz belt\u00e9ri opci\u00f3tok rossz id\u0151 eset\u00e9re is!<\/span><\/p><p><strong><i><b>\u2665\ufe0e <\/b><\/i>Fogadalom<\/strong><\/p><p><span style=\"font-weight: 400;\">Egyre t\u00f6bben v\u00e1lasztj\u00e1tok, hogy a szertart\u00e1s r\u00e9szek\u00e9nt fogadalmat mondtok egym\u00e1snak. Ez egy fajta \u00f6sszegz\u00e9se is az eddigi kapcsolatotoknak \u00e9s \u00fatraval\u00f3 a j\u00f6v\u0151beni \u00e9neteknek a k\u00f6z\u00f6s \u00e9letetekhez. Ez \u00e9rzelmileg a legm\u00e9lyebb \u00e9s legbens\u0151s\u00e9gesebb r\u00e9sze a szertart\u00e1snak. Pap\u00edrzsebkend\u0151ket el\u0151!\u00a0<\/span><\/p><p><strong><i><b>\u2665\ufe0e <\/b><\/i>Extra tipp\u00a0<\/strong><\/p><p><span style=\"font-weight: 400;\">Kivonul\u00e1sn\u00e1l a p\u00e1rra r\u00e9gen rizst sz\u00f3rtak, b\u0151s\u00e9get k\u00edv\u00e1nva az ifj\u00fa h\u00e1zasoknak. Ehelyett v\u00e1lasszatok term\u00e9szetes konfettit: zabot, sz\u00e1r\u00edtott vir\u00e1gszirmot, lev\u00e9l-konfettit<\/span><\/p>\t\t\t\t\t\t\t\t<\/div>\n\t\t\t\t<\/div>\n\t\t\t\t<div class=\"elementor-element elementor-element-58e0e51 elementor--v-position-bottom elementor--h-position-center elementor-pagination-position-inside elementor-widget elementor-widget-slides\" data-id=\"58e0e51\" data-element_type=\"widget\" data-e-type=\"widget\" data-settings=\"{&quot;navigation&quot;:&quot;dots&quot;,&quot;autoplay_speed&quot;:3000,&quot;autoplay&quot;:&quot;yes&quot;,&quot;infinite&quot;:&quot;yes&quot;,&quot;transition&quot;:&quot;slide&quot;,&quot;transition_speed&quot;:500}\" data-widget_type=\"slides.default\">\n\t\t\t\t<div class=\"elementor-widget-container\">\n\t\t\t\t\t\t\t\t\t<div class=\"elementor-swiper\">\n\t\t\t\t\t<div class=\"elementor-slides-wrapper elementor-main-swiper swiper\" role=\"region\" aria-roledescription=\"carousel\" aria-label=\"Di\u00e1k\" dir=\"ltr\" data-animation=\"fadeInUp\">\n\t\t\t\t<div class=\"swiper-wrapper elementor-slides\">\n\t\t\t\t\t\t\t\t\t\t<div class=\"elementor-repeater-item-a8b424a swiper-slide\" role=\"group\" aria-roledescription=\"slide\"><div class=\"swiper-slide-bg\" role=\"img\" aria-label=\"szertartA\u0303\u00a1s\"><\/div><div class=\"swiper-slide-inner\" ><div class=\"swiper-slide-contents\"><\/div><\/div><\/div>\t\t\t\t<\/div>\n\t\t\t\t\t\t\t<\/div>\n\t\t\t\t<\/div>\n\t\t\t\t\t\t\t\t<\/div>\n\t\t\t\t<\/div>\n\t\t\t\t<div class=\"elementor-element elementor-element-87ce62a elementor-widget elementor-widget-text-editor\" data-id=\"87ce62a\" data-element_type=\"widget\" data-e-type=\"widget\" data-widget_type=\"text-editor.default\">\n\t\t\t\t<div class=\"elementor-widget-container\">\n\t\t\t\t\t\t\t\t\t<h5><b>Mi a k\u00fcl\u00f6nbs\u00e9g az anyak\u00f6nyvvezet\u0151 \u00e9s a szertart\u00e1svezet\u0151 k\u00f6z\u00f6tt?<\/b><\/h5><p><strong>Anyak\u00f6nyvvezet\u0151:<\/strong><\/p><ul><li style=\"font-weight: 400;\" aria-level=\"1\"><b>Hivatalos szem\u00e9ly<\/b><span style=\"font-weight: 400;\">, aki az \u00e1llam nev\u00e9ben \u00f6sszeadhat benneteket.<\/span><\/li><li style=\"font-weight: 400;\" aria-level=\"1\"><span style=\"font-weight: 400;\">Az anyak\u00f6nyvvezet\u0151 el\u0151tt tett h\u00e1zass\u00e1gi fogadalom ut\u00e1n lesztek <\/span><b>jogilag h\u00e1zasok<\/b><span style=\"font-weight: 400;\">.<\/span><\/li><li style=\"font-weight: 400;\" aria-level=\"1\"><span style=\"font-weight: 400;\">A szertart\u00e1snak vannak k\u00f6telez\u0151 r\u00e9szei (pl. igenek kimond\u00e1sa, anyak\u00f6nyv al\u00e1\u00edr\u00e1sa), de k\u00e9rhettek bizonyos v\u00e1laszthat\u00f3 elemeket is (sz\u00fcl\u0151k\u00f6sz\u00f6nt\u00e9s, fogadalom, k\u00f6z\u00f6s szimb\u00f3lum-szertart\u00e1s).<\/span><\/li><li style=\"font-weight: 400;\" aria-level=\"1\"><span style=\"font-weight: 400;\">\u00c1ltal\u00e1ban az \u00f6nkorm\u00e1nyzati hivatalban ad \u00f6ssze, de sok esetben \u201ekitelep\u00fcl\u201d az esk\u00fcv\u0151 helysz\u00edn\u00e9re (ez\u00e9rt plusz d\u00edjat sz\u00e1molhat fel).<\/span><\/li><\/ul><p><strong>Szertart\u00e1svezet\u0151:\u00a0<\/strong><\/p><ul><li style=\"font-weight: 400;\" aria-level=\"1\"><b>Civil szolg\u00e1ltat\u00f3<\/b><span style=\"font-weight: 400;\">, nem hivatalos szem\u00e9ly.<\/span><\/li><li style=\"font-weight: 400;\" aria-level=\"1\"><span style=\"font-weight: 400;\">Jogilag nem \u00e9rv\u00e9nyes\u00edti a h\u00e1zass\u00e1got, teh\u00e1t ha csak szertart\u00e1svezet\u0151t h\u00edvtok, el\u0151tte vagy ut\u00e1na az anyak\u00f6nyvvezet\u0151n\u00e9l is le kell bonyol\u00edtani a hivatalos r\u00e9sz\u00e9t.<\/span><\/li><li style=\"font-weight: 400;\" aria-level=\"1\"><span style=\"font-weight: 400;\">Nagy el\u0151nye, hogy <\/span><b>sokkal szem\u00e9lyre szabottabb<\/b><span style=\"font-weight: 400;\">: saj\u00e1t sz\u00f6veget, t\u00f6rt\u00e9neteket, id\u00e9zeteket, egyedi fogadalmat tudtok bele\u00edrni.<\/span><\/li><li style=\"font-weight: 400;\" aria-level=\"1\"><span style=\"font-weight: 400;\">Rugalmasabb id\u0151ben \u00e9s helysz\u00ednben is \u2013 lehet ak\u00e1r naplement\u00e9ben a t\u00f3parton, erd\u0151ben vagy b\u00e1rmilyen k\u00fcl\u00f6nleges helysz\u00ednen.<\/span><\/li><\/ul><h5>Lelki \u00fatraval\u00f3<\/h5><p><span style=\"font-weight: 400;\">\ud83d\udc9b Besz\u00e9lj\u00e9tek \u00e1t, milyen hangulat\u00fa szertart\u00e1st szeretn\u00e9tek: meghitt, \u00fcnnep\u00e9lyes, laza vagy romantikus. Ez adja majd az eg\u00e9sz nap \u201e\u00e9rzelmi magj\u00e1t\u201d.<\/span><\/p><p><span style=\"font-weight: 400;\">\ud83d\udc9b Gondoljatok r\u00e1 \u00fagy, mint a \u201efogadalmatokra\u201d \u2013 mit szeretn\u00e9tek \u00fczenni egym\u00e1snak?<\/span><\/p><p><span style=\"font-weight: 400;\">\ud83d\udc9b K\u00e9sz\u00edthettek k\u00f6z\u00f6s \u201eszertart\u00e1si \u00e1lomt\u00e1bl\u00e1t\u201d (Pinterest vagy jegyzetek), ahol \u00f6sszegy\u0171jtitek a dalokat, id\u00e9zeteket, dekor\u00e1ci\u00f3s \u00f6tleteket.<\/span><\/p><h5><span style=\"font-weight: 400;\">\ud83c\udf3f<\/span> <b>K\u00f6rnyezetbar\u00e1t tippek a szertart\u00e1shoz<\/b><\/h5><ol><li style=\"font-weight: 400;\" aria-level=\"1\"><span style=\"font-weight: 400;\">Rizs helyett sz\u00e1r\u00edtott vir\u00e1gszirmok, lev\u00e9l-konfetti.<\/span><\/li><li style=\"font-weight: 400;\" aria-level=\"1\"><span style=\"font-weight: 400;\">Pap\u00edr programf\u00fczet helyett digit\u00e1lis verzi\u00f3 (QR k\u00f3d a sz\u00e9keken).<\/span><\/li><li style=\"font-weight: 400;\" aria-level=\"1\"><span style=\"font-weight: 400;\">Egy nagyobb, \u00fajrahasznos\u00edthat\u00f3 d\u00edsz (pl. szalagf\u00fcgg\u00f6ny), amit k\u00e9s\u0151bb a lak\u00e1sban is fel tudtok haszn\u00e1lni.<\/span><\/li><li style=\"font-weight: 400;\" aria-level=\"1\"><span style=\"font-weight: 400;\">\u00c9l\u0151 vir\u00e1g helyett cserepes n\u00f6v\u00e9ny a szertart\u00e1shoz, amit ut\u00e1na el\u00fcltethettek.<\/span><\/li><li style=\"font-weight: 400;\" aria-level=\"1\"><span style=\"font-weight: 400;\">\u00dajrahasznos\u00edtott pap\u00edrb\u00f3l k\u00e9sz\u00fclt esk\u00fcv\u0151i okm\u00e1nytart\u00f3 vagy megh\u00edv\u00f3.<\/span><\/li><\/ol><h5><span style=\"font-weight: 400;\">\ud83d\udccc<\/span> <b>To do lista:<\/b><\/h5><p><span style=\"font-weight: 400;\">\u25a2 Id\u0151pont lefoglal\u00e1sa az anyak\u00f6nyvvezet\u0151n\u00e9l<\/span><\/p><p><span style=\"font-weight: 400;\">\u25a2 Sz\u00fcks\u00e9ges dokumentumok el\u0151k\u00e9sz\u00edt\u00e9se<\/span><\/p><p><span style=\"font-weight: 400;\">\u25a2 Templom megkeres\u00e9se<\/span><\/p><p><span style=\"font-weight: 400;\">\u25a2 Templomi szertart\u00e1s eset\u00e9n: jegyesoktat\u00e1s id\u0151pont egyeztet\u00e9se<\/span><\/p><p><span style=\"font-weight: 400;\">\u25a2 Szertart\u00e1si sz\u00f6vegek, id\u00e9zetek, zen\u00e9k gy\u0171jt\u00e9se<\/span><\/p><p><span style=\"font-weight: 400;\">\u25a2 Fogadalmak \u00e1tgondol\u00e1sa \/ meg\u00edr\u00e1sa (ha szem\u00e9lyes fogadalmat is szeretn\u00e9tek)<\/span><\/p><p><span style=\"font-weight: 400;\">Consider donating a portion of the <\/span><b>menyasszonyi MENTOR program<\/b><span style=\"font-weight: 400;\"> 60 perces <\/span><b>online konzult\u00e1ci\u00f3t<\/b><span style=\"font-weight: 400;\"> tartalmaz, amit az 2. l\u00e9p\u00e9s ut\u00e1n is ig\u00e9nybe vehetsz, ha m\u00e9g nem tetted meg!<\/span><\/p>\t\t\t\t\t\t\t\t<\/div>\n\t\t\t\t<\/div>\n\t\t\t\t<div class=\"elementor-element elementor-element-0bc4817 elementor-align-left elementor-widget elementor-widget-button\" data-id=\"0bc4817\" data-element_type=\"widget\" data-e-type=\"widget\" data-widget_type=\"button.default\">\n\t\t\t\t<div class=\"elementor-widget-container\">\n\t\t\t\t\t\t\t\t\t<div class=\"elementor-button-wrapper\">\n\t\t\t\t\t<a class=\"elementor-button elementor-button-link elementor-size-sm\" href=\"https:\/\/baraevent.hu\/en\/kapcsolat\/\">\n\t\t\t\t\t\t<span class=\"elementor-button-content-wrapper\">\n\t\t\t\t\t\t\t\t\t<span class=\"elementor-button-text\">Id\u0151pontfoglal\u00e1s<\/span>\n\t\t\t\t\t<\/span>\n\t\t\t\t\t<\/a>\n\t\t\t\t<\/div>\n\t\t\t\t\t\t\t\t<\/div>\n\t\t\t\t<\/div>\n\t\t\t\t\t<\/div>\n\t\t<\/div>\n\t\t\t\t\t<\/div>\n\t\t<\/section>\n\t\t\t\t<\/div>","protected":false},"excerpt":{"rendered":"<p>Esk\u00fcv\u0151szervez\u00e9s 2. l\u00e9p\u00e9se: a szertart\u00e1s \u00d6r\u00fcl\u00f6k, hogy itt vagy!\u00a0 Rem\u00e9lem, siker\u00fclt megtal\u00e1lnotok \u00e1lmaitok helysz\u00edn\u00e9t. Tudod, hogy a szervez\u00e9s egyik legnehezebb r\u00e9sz\u00e9n vagytok t\u00fal?\u00a0 A 2. r\u00e9szben a templomi \u00e9s polg\u00e1ri szertart\u00e1ssal kapcsolatos r\u00e9szleteket \u00e9s az ide kapcsol\u00f3d\u00f3 to-do list\u00e1t tal\u00e1lod meg. Ez a hivatalos \u00e9s szertart\u00e1si r\u00e9sz nagyon fontos, mert innen v\u00e1lik az esk\u00fcv\u0151t\u00f6k t\u00e9nyleg [&hellip;]<\/p>\n","protected":false},"author":1,"featured_media":0,"parent":5225,"menu_order":0,"comment_status":"closed","ping_status":"closed","template":"elementor_header_footer","meta":{"inline_featured_image":false,"_ppp_document_settings_meta":"{\"product_ids\":[{\"label\":\"Menyasszonyi Mentor Program - [#5214]\",\"value\":\"5214\"}],\"delay_restriction_enable\":\"\",\"delay_restriction\":\"\",\"delay_restriction_frequency\":\"day\",\"page_view_restriction_enable\":\"\",\"page_view_restriction\":\"\",\"page_view_restriction_frequency\":\"day\",\"page_view_restriction_enable_time_frame\":\"\",\"page_view_restriction_time_frame\":\"\",\"expire_restriction_enable\":\"\",\"expire_restriction\":\"\",\"expire_restriction_frequency\":\"day\",\"show_warnings\":\"\"}","footnotes":""},"class_list":["post-5273","page","type-page","status-publish","hentry"],"yoast_head":"<!-- This site is optimized with the Yoast SEO plugin v27.4 - https:\/\/yoast.com\/product\/yoast-seo-wordpress\/ -->\n<title>2. A szertart\u00e1s - Bara Wedding<\/title>\n<meta name=\"robots\" content=\"index, follow, max-snippet:-1, max-image-preview:large, max-video-preview:-1\" \/>\n<link rel=\"canonical\" href=\"https:\/\/baraevent.hu\/en\/menyasszonyi-mentor-program\/2-a-szertartas\/\" \/>\n<meta property=\"og:locale\" content=\"en_GB\" \/>\n<meta property=\"og:type\" content=\"article\" \/>\n<meta property=\"og:title\" content=\"2. A szertart\u00e1s - Bara Wedding\" \/>\n<meta property=\"og:description\" content=\"Esk\u00fcv\u0151szervez\u00e9s 2. l\u00e9p\u00e9se: a szertart\u00e1s \u00d6r\u00fcl\u00f6k, hogy itt vagy!\u00a0 Rem\u00e9lem, siker\u00fclt megtal\u00e1lnotok \u00e1lmaitok helysz\u00edn\u00e9t. Tudod, hogy a szervez\u00e9s egyik legnehezebb r\u00e9sz\u00e9n vagytok t\u00fal?\u00a0 A 2. r\u00e9szben a templomi \u00e9s polg\u00e1ri szertart\u00e1ssal kapcsolatos r\u00e9szleteket \u00e9s az ide kapcsol\u00f3d\u00f3 to-do list\u00e1t tal\u00e1lod meg. Ez a hivatalos \u00e9s szertart\u00e1si r\u00e9sz nagyon fontos, mert innen v\u00e1lik az esk\u00fcv\u0151t\u00f6k t\u00e9nyleg [&hellip;]\" \/>\n<meta property=\"og:url\" content=\"https:\/\/baraevent.hu\/en\/menyasszonyi-mentor-program\/2-a-szertartas\/\" \/>\n<meta property=\"og:site_name\" content=\"Bara Wedding\" \/>\n<meta property=\"article:publisher\" content=\"http:\/\/www.facebook.com\/baraeskuvo\/\" \/>\n<meta property=\"article:modified_time\" content=\"2026-04-02T13:59:10+00:00\" \/>\n<meta name=\"twitter:card\" content=\"summary_large_image\" \/>\n<meta name=\"twitter:label1\" content=\"Estimated reading time\" \/>\n\t<meta name=\"twitter:data1\" content=\"5 minutes\" \/>\n<script type=\"application\/ld+json\" class=\"yoast-schema-graph\">{\"@context\":\"https:\\\/\\\/schema.org\",\"@graph\":[{\"@type\":\"WebPage\",\"@id\":\"https:\\\/\\\/baraevent.hu\\\/menyasszonyi-mentor-program\\\/2-a-szertartas\\\/\",\"url\":\"https:\\\/\\\/baraevent.hu\\\/menyasszonyi-mentor-program\\\/2-a-szertartas\\\/\",\"name\":\"2. A szertart\u00e1s - Bara Wedding\",\"isPartOf\":{\"@id\":\"https:\\\/\\\/baraevent.hu\\\/#website\"},\"datePublished\":\"2026-04-02T13:14:57+00:00\",\"dateModified\":\"2026-04-02T13:59:10+00:00\",\"breadcrumb\":{\"@id\":\"https:\\\/\\\/baraevent.hu\\\/menyasszonyi-mentor-program\\\/2-a-szertartas\\\/#breadcrumb\"},\"inLanguage\":\"en-GB\",\"potentialAction\":[{\"@type\":\"ReadAction\",\"target\":[\"https:\\\/\\\/baraevent.hu\\\/menyasszonyi-mentor-program\\\/2-a-szertartas\\\/\"]}]},{\"@type\":\"BreadcrumbList\",\"@id\":\"https:\\\/\\\/baraevent.hu\\\/menyasszonyi-mentor-program\\\/2-a-szertartas\\\/#breadcrumb\",\"itemListElement\":[{\"@type\":\"ListItem\",\"position\":1,\"name\":\"Home\",\"item\":\"https:\\\/\\\/baraevent.hu\\\/\"},{\"@type\":\"ListItem\",\"position\":2,\"name\":\"Menyasszonyi Mentor Program\",\"item\":\"https:\\\/\\\/baraevent.hu\\\/menyasszonyi-mentor-program\\\/\"},{\"@type\":\"ListItem\",\"position\":3,\"name\":\"2. A szertart\u00e1s\"}]},{\"@type\":\"WebSite\",\"@id\":\"https:\\\/\\\/baraevent.hu\\\/#website\",\"url\":\"https:\\\/\\\/baraevent.hu\\\/\",\"name\":\"www.baraevent.hu\",\"description\":\"\",\"publisher\":{\"@id\":\"https:\\\/\\\/baraevent.hu\\\/#organization\"},\"potentialAction\":[{\"@type\":\"SearchAction\",\"target\":{\"@type\":\"EntryPoint\",\"urlTemplate\":\"https:\\\/\\\/baraevent.hu\\\/?s={search_term_string}\"},\"query-input\":{\"@type\":\"PropertyValueSpecification\",\"valueRequired\":true,\"valueName\":\"search_term_string\"}}],\"inLanguage\":\"en-GB\"},{\"@type\":\"Organization\",\"@id\":\"https:\\\/\\\/baraevent.hu\\\/#organization\",\"name\":\"Bara Wedding\",\"url\":\"https:\\\/\\\/baraevent.hu\\\/\",\"logo\":{\"@type\":\"ImageObject\",\"inLanguage\":\"en-GB\",\"@id\":\"https:\\\/\\\/baraevent.hu\\\/#\\\/schema\\\/logo\\\/image\\\/\",\"url\":\"https:\\\/\\\/baraevent.hu\\\/wp-content\\\/uploads\\\/2019\\\/11\\\/logo-e1593417291257.png\",\"contentUrl\":\"https:\\\/\\\/baraevent.hu\\\/wp-content\\\/uploads\\\/2019\\\/11\\\/logo-e1593417291257.png\",\"width\":700,\"height\":276,\"caption\":\"Bara Wedding\"},\"image\":{\"@id\":\"https:\\\/\\\/baraevent.hu\\\/#\\\/schema\\\/logo\\\/image\\\/\"},\"sameAs\":[\"http:\\\/\\\/www.facebook.com\\\/baraeskuvo\\\/\",\"https:\\\/\\\/www.instagram.com\\\/weddingbara\"]}]}<\/script>\n<!-- \/ Yoast SEO plugin. -->","yoast_head_json":{"title":"2. A szertart\u00e1s - Bara Wedding","robots":{"index":"index","follow":"follow","max-snippet":"max-snippet:-1","max-image-preview":"max-image-preview:large","max-video-preview":"max-video-preview:-1"},"canonical":"https:\/\/baraevent.hu\/en\/menyasszonyi-mentor-program\/2-a-szertartas\/","og_locale":"en_GB","og_type":"article","og_title":"2. A szertart\u00e1s - Bara Wedding","og_description":"Esk\u00fcv\u0151szervez\u00e9s 2. l\u00e9p\u00e9se: a szertart\u00e1s \u00d6r\u00fcl\u00f6k, hogy itt vagy!\u00a0 Rem\u00e9lem, siker\u00fclt megtal\u00e1lnotok \u00e1lmaitok helysz\u00edn\u00e9t. Tudod, hogy a szervez\u00e9s egyik legnehezebb r\u00e9sz\u00e9n vagytok t\u00fal?\u00a0 A 2. r\u00e9szben a templomi \u00e9s polg\u00e1ri szertart\u00e1ssal kapcsolatos r\u00e9szleteket \u00e9s az ide kapcsol\u00f3d\u00f3 to-do list\u00e1t tal\u00e1lod meg. Ez a hivatalos \u00e9s szertart\u00e1si r\u00e9sz nagyon fontos, mert innen v\u00e1lik az esk\u00fcv\u0151t\u00f6k t\u00e9nyleg [&hellip;]","og_url":"https:\/\/baraevent.hu\/en\/menyasszonyi-mentor-program\/2-a-szertartas\/","og_site_name":"Bara Wedding","article_publisher":"http:\/\/www.facebook.com\/baraeskuvo\/","article_modified_time":"2026-04-02T13:59:10+00:00","twitter_card":"summary_large_image","twitter_misc":{"Estimated reading time":"5 minutes"},"schema":{"@context":"https:\/\/schema.org","@graph":[{"@type":"WebPage","@id":"https:\/\/baraevent.hu\/menyasszonyi-mentor-program\/2-a-szertartas\/","url":"https:\/\/baraevent.hu\/menyasszonyi-mentor-program\/2-a-szertartas\/","name":"2. A szertart\u00e1s - Bara Wedding","isPartOf":{"@id":"https:\/\/baraevent.hu\/#website"},"datePublished":"2026-04-02T13:14:57+00:00","dateModified":"2026-04-02T13:59:10+00:00","breadcrumb":{"@id":"https:\/\/baraevent.hu\/menyasszonyi-mentor-program\/2-a-szertartas\/#breadcrumb"},"inLanguage":"en-GB","potentialAction":[{"@type":"ReadAction","target":["https:\/\/baraevent.hu\/menyasszonyi-mentor-program\/2-a-szertartas\/"]}]},{"@type":"BreadcrumbList","@id":"https:\/\/baraevent.hu\/menyasszonyi-mentor-program\/2-a-szertartas\/#breadcrumb","itemListElement":[{"@type":"ListItem","position":1,"name":"Home","item":"https:\/\/baraevent.hu\/"},{"@type":"ListItem","position":2,"name":"Menyasszonyi Mentor Program","item":"https:\/\/baraevent.hu\/menyasszonyi-mentor-program\/"},{"@type":"ListItem","position":3,"name":"2. A szertart\u00e1s"}]},{"@type":"WebSite","@id":"https:\/\/baraevent.hu\/#website","url":"https:\/\/baraevent.hu\/","name":"www.baraevent.hu","description":"","publisher":{"@id":"https:\/\/baraevent.hu\/#organization"},"potentialAction":[{"@type":"SearchAction","target":{"@type":"EntryPoint","urlTemplate":"https:\/\/baraevent.hu\/?s={search_term_string}"},"query-input":{"@type":"PropertyValueSpecification","valueRequired":true,"valueName":"search_term_string"}}],"inLanguage":"en-GB"},{"@type":"Organization","@id":"https:\/\/baraevent.hu\/#organization","name":"Bara Wedding","url":"https:\/\/baraevent.hu\/","logo":{"@type":"ImageObject","inLanguage":"en-GB","@id":"https:\/\/baraevent.hu\/#\/schema\/logo\/image\/","url":"https:\/\/baraevent.hu\/wp-content\/uploads\/2019\/11\/logo-e1593417291257.png","contentUrl":"https:\/\/baraevent.hu\/wp-content\/uploads\/2019\/11\/logo-e1593417291257.png","width":700,"height":276,"caption":"Bara Wedding"},"image":{"@id":"https:\/\/baraevent.hu\/#\/schema\/logo\/image\/"},"sameAs":["http:\/\/www.facebook.com\/baraeskuvo\/","https:\/\/www.instagram.com\/weddingbara"]}]}},"_links":{"self":[{"href":"https:\/\/baraevent.hu\/en\/wp-json\/wp\/v2\/pages\/5273","targetHints":{"allow":["GET"]}}],"collection":[{"href":"https:\/\/baraevent.hu\/en\/wp-json\/wp\/v2\/pages"}],"about":[{"href":"https:\/\/baraevent.hu\/en\/wp-json\/wp\/v2\/types\/page"}],"author":[{"embeddable":true,"href":"https:\/\/baraevent.hu\/en\/wp-json\/wp\/v2\/users\/1"}],"replies":[{"embeddable":true,"href":"https:\/\/baraevent.hu\/en\/wp-json\/wp\/v2\/comments?post=5273"}],"version-history":[{"count":10,"href":"https:\/\/baraevent.hu\/en\/wp-json\/wp\/v2\/pages\/5273\/revisions"}],"predecessor-version":[{"id":5309,"href":"https:\/\/baraevent.hu\/en\/wp-json\/wp\/v2\/pages\/5273\/revisions\/5309"}],"up":[{"embeddable":true,"href":"https:\/\/baraevent.hu\/en\/wp-json\/wp\/v2\/pages\/5225"}],"wp:attachment":[{"href":"https:\/\/baraevent.hu\/en\/wp-json\/wp\/v2\/media?parent=5273"}],"curies":[{"name":"wp","href":"https:\/\/api.w.org\/{rel}","templated":true}]}}