{"id":5292,"date":"2026-04-02T15:34:26","date_gmt":"2026-04-02T13:34:26","guid":{"rendered":"https:\/\/baraevent.hu\/?page_id=5292"},"modified":"2026-04-02T16:07:03","modified_gmt":"2026-04-02T14:07:03","slug":"3-akik-eletre-keltik-az-eskuvotoket","status":"publish","type":"page","link":"https:\/\/baraevent.hu\/en\/menyasszonyi-mentor-program\/3-akik-eletre-keltik-az-eskuvotoket\/","title":{"rendered":"3. Akik \u00e9letre keltik az esk\u00fcv\u0151t\u00f6ket"},"content":{"rendered":"<div data-elementor-type=\"wp-page\" data-elementor-id=\"5292\" class=\"elementor elementor-5292\" data-elementor-post-type=\"page\">\n\t\t\t\t\t\t<section class=\"elementor-section elementor-top-section elementor-element elementor-element-fb16061 elementor-section-full_width elementor-section-height-default elementor-section-height-default\" data-id=\"fb16061\" data-element_type=\"section\" data-e-type=\"section\">\n\t\t\t\t\t\t<div class=\"elementor-container elementor-column-gap-default\">\n\t\t\t\t\t<div class=\"elementor-column elementor-col-100 elementor-top-column elementor-element elementor-element-12c0b16\" data-id=\"12c0b16\" data-element_type=\"column\" data-e-type=\"column\">\n\t\t\t<div class=\"elementor-widget-wrap elementor-element-populated\">\n\t\t\t\t\t\t<div class=\"elementor-element elementor-element-5dd1cd8 elementor--v-position-bottom elementor--h-position-center elementor-pagination-position-inside elementor-widget elementor-widget-slides\" data-id=\"5dd1cd8\" data-element_type=\"widget\" data-e-type=\"widget\" data-settings=\"{&quot;navigation&quot;:&quot;dots&quot;,&quot;autoplay_speed&quot;:3000,&quot;autoplay&quot;:&quot;yes&quot;,&quot;infinite&quot;:&quot;yes&quot;,&quot;transition&quot;:&quot;slide&quot;,&quot;transition_speed&quot;:500}\" data-widget_type=\"slides.default\">\n\t\t\t\t<div class=\"elementor-widget-container\">\n\t\t\t\t\t\t\t\t\t<div class=\"elementor-swiper\">\n\t\t\t\t\t<div class=\"elementor-slides-wrapper elementor-main-swiper swiper\" role=\"region\" aria-roledescription=\"carousel\" aria-label=\"Di\u00e1k\" dir=\"ltr\" data-animation=\"fadeInUp\">\n\t\t\t\t<div class=\"swiper-wrapper elementor-slides\">\n\t\t\t\t\t\t\t\t\t\t<div class=\"elementor-repeater-item-a8b424a swiper-slide\" role=\"group\" aria-roledescription=\"slide\"><div class=\"swiper-slide-bg\" role=\"img\" aria-label=\"kezdA\u030a_\"><\/div><div class=\"swiper-slide-inner\" ><div class=\"swiper-slide-contents\"><\/div><\/div><\/div>\t\t\t\t<\/div>\n\t\t\t\t\t\t\t<\/div>\n\t\t\t\t<\/div>\n\t\t\t\t\t\t\t\t<\/div>\n\t\t\t\t<\/div>\n\t\t\t\t\t<\/div>\n\t\t<\/div>\n\t\t\t\t\t<\/div>\n\t\t<\/section>\n\t\t\t\t<section class=\"elementor-section elementor-top-section elementor-element elementor-element-7409b97 elementor-section-boxed elementor-section-height-default elementor-section-height-default\" data-id=\"7409b97\" data-element_type=\"section\" data-e-type=\"section\">\n\t\t\t\t\t\t<div class=\"elementor-container elementor-column-gap-default\">\n\t\t\t\t\t<div class=\"elementor-column elementor-col-100 elementor-top-column elementor-element elementor-element-77dfb28\" data-id=\"77dfb28\" data-element_type=\"column\" data-e-type=\"column\">\n\t\t\t<div class=\"elementor-widget-wrap elementor-element-populated\">\n\t\t\t\t\t\t<div class=\"elementor-element elementor-element-e6181e3 elementor-widget elementor-widget-text-editor\" data-id=\"e6181e3\" data-element_type=\"widget\" data-e-type=\"widget\" data-widget_type=\"text-editor.default\">\n\t\t\t\t<div class=\"elementor-widget-container\">\n\t\t\t\t\t\t\t\t\t<h2>Esk\u00fcv\u0151szervez\u00e9s 3. l\u00e9p\u00e9se: akik \u00e9letre keltik az esk\u00fcv\u0151t\u00f6ket<\/h2><p><b>\u00d6r\u00fcl\u00f6k, hogy itt vagy!<\/b><\/p><p><span style=\"font-weight: 400;\">Most egy k\u00fcl\u00f6n\u00f6sen meghat\u00e1roz\u00f3 ponthoz \u00e9rkezt\u00e9l az esk\u00fcv\u0151szervez\u00e9sben. Ebben a fejezetben seg\u00edts\u00e9get kapsz azoknak a szolg\u00e1ltat\u00f3knak a kiv\u00e1laszt\u00e1s\u00e1hoz, akik nemcsak jelen lesznek az esk\u00fcv\u0151t\u00f6k\u00f6n, hanem akt\u00edvan form\u00e1lj\u00e1k annak <\/span><b>hangulat\u00e1t, ritmus\u00e1t \u00e9s eml\u00e9keit.<\/b><\/p><p><span style=\"font-weight: 400;\">A 3. r\u00e9sz seg\u00edt Nektek:<\/span><span style=\"font-weight: 400;\"><br \/><\/span><span style=\"font-weight: 400;\">\u2013 magabiztosan tudjatok d\u00f6nteni, hogy <\/span><b>DJ vagy zenekar<\/b><span style=\"font-weight: 400;\"> illik hozz\u00e1tok,<\/span><span style=\"font-weight: 400;\"><br \/><\/span><span style=\"font-weight: 400;\">\u2013 megtal\u00e1ld azt a <\/span><b>fot\u00f3st \u00e9s vide\u00f3st<\/b><span style=\"font-weight: 400;\">, akik val\u00f3ban \u201el\u00e1tnak\u201d benneteket,<\/span><span style=\"font-weight: 400;\"><br \/><\/span><span style=\"font-weight: 400;\">\u2013 meg\u00e9rtsd, mi\u00e9rt kulcsszerepl\u0151 a <\/span><b>cerem\u00f3niamester<\/b><span style=\"font-weight: 400;\">,<\/span><span style=\"font-weight: 400;\"><br \/><\/span><span style=\"font-weight: 400;\">\u2013 \u00e1tl\u00e1sd a <\/span><b>catering<\/b><span style=\"font-weight: 400;\"> lehet\u0151s\u00e9geket, amelyek az este \u00e9lm\u00e9ny\u00e9nek alapj\u00e1t adj\u00e1k.<\/span><\/p><p><span style=\"font-weight: 400;\">Ez az a pont, ahol az esk\u00fcv\u0151t\u00f6k m\u00e1r nem csak terv, hanem <\/span><b>val\u00f3s\u00e1gg\u00e1 kezd v\u00e1lni<\/b><span style=\"font-weight: 400;\">.<\/span><\/p><p><span style=\"font-weight: 400;\">Haladjunk pont\u00f3l pontra!<\/span><\/p><h5><b>1. Zenekar vagy DJ? \u2013 Pro \u00e9s kontra<\/b><\/h5><p><span style=\"font-weight: 400;\">A zene nagy hat\u00e1ssal van a napotok energi\u00e1j\u00e1ra, a vend\u00e9gv\u00e1r\u00e1st\u00f3l az utols\u00f3 t\u00e1ncig.\u00a0<\/span><\/p><p><b><strong><i>\u2665\ufe0e <\/i><\/strong>Zenekar<\/b><\/p><p><b>El\u0151ny\u00f6k:<\/b><\/p><ul><li><b> <\/b><span style=\"font-weight: 400;\">\u00c9l\u0151 zene \u2013 k\u00fcl\u00f6nleges, eleg\u00e1ns hangulat<\/span><span style=\"font-weight: 400;\"><br \/><\/span><span style=\"font-weight: 400;\">Az \u00e9l\u0151 zene energi\u00e1ja semmivel nem p\u00f3tolhat\u00f3.<\/span><\/li><li><span style=\"font-weight: 400;\"> L\u00e1tv\u00e1nyelem is egyben<\/span><span style=\"font-weight: 400;\"><br \/><\/span><span style=\"font-weight: 400;\">A zenekar a program r\u00e9sze, \u201eshow \u00e9lm\u00e9nyt\u201d ad.<\/span><\/li><li><span style=\"font-weight: 400;\"> Egyedi feldolgoz\u00e1sok<\/span><span style=\"font-weight: 400;\"><br \/><\/span><span style=\"font-weight: 400;\">Sok dal k\u00fcl\u00f6nlegesebb \u00e9lm\u00e9nyt ny\u00fajt \u00e9l\u0151ben.<\/span><\/li><li><span style=\"font-weight: 400;\"> Nagyobb preszt\u00edzs\u00e9rzet<\/span><\/li><\/ul><p><b>H\u00e1tr\u00e1nyok:<\/b><\/p><ul><li><span style=\"font-weight: 400;\">Korl\u00e1tozott reperto\u00e1r<\/span><span style=\"font-weight: 400;\"><br \/><\/span><span style=\"font-weight: 400;\">Nem minden dalt tudnak elj\u00e1tszani.<\/span><\/li><li>Sz\u00fcneteket tartanak<br \/><span style=\"font-weight: 400;\">\u00c1ltal\u00e1ban 45 perc j\u00e1t\u00e9k \/ 15 perc sz\u00fcnet ritmusban.<br \/><\/span>A sz\u00fcnetben \u00e1ltat\u00e1ban a zenekar tesz be egy playlist-et.<\/li><li><span style=\"font-weight: 400;\">Nagyobb helyig\u00e9ny <br \/><\/span>Egy 3-4 f\u0151s zenekarnak sokkal nagyobb hely kell, mint egy Dj-nek. 6-8 f\u0151s zenekarnak m\u00e1r egy eg\u00e9sz sz\u00ednpad kell.<\/li><li><span style=\"font-weight: 400;\">Magasabb k\u00f6lts\u00e9g<br \/><\/span>Ez nagyban f\u00fcgg att\u00f3l, hogy h\u00e1ny f\u0151s a zenekar<\/li><\/ul><p><b><strong><i>\u2665\ufe0e <\/i><\/strong>DJ<\/b><\/p><p><b>El\u0151ny\u00f6k:<\/b><\/p><ul><li><b> <\/b><span style=\"font-weight: 400;\">Szinte korl\u00e1tlan zenei reperto\u00e1r<\/span><span style=\"font-weight: 400;\"><br \/><\/span><span style=\"font-weight: 400;\">Az eredeti dalokat j\u00e1tssza le, b\u00e1rmilyen st\u00edlusban \u00e9s nyelven.<\/span><\/li><li><b> <\/b><span style=\"font-weight: 400;\">Pontosan az a dal sz\u00f3l, amit elk\u00e9pzeltetek<\/span><span style=\"font-weight: 400;\"><br \/><\/span><span style=\"font-weight: 400;\">K\u00fcl\u00f6n\u00f6sen fontos a bevonul\u00e1sn\u00e1l, els\u0151 t\u00e1ncn\u00e1l vagy tortav\u00e1g\u00e1sn\u00e1l.<\/span><\/li><li><span style=\"font-weight: 400;\"> Folyamatos zene, nincs sz\u00fcnet<\/span><span style=\"font-weight: 400;\"><br \/><\/span><span style=\"font-weight: 400;\">Nem kell technikai sz\u00fcneteket tartani, \u00edgy a t\u00e1nct\u00e9r lend\u00fclete nem t\u00f6rik meg.<\/span><\/li><li><span style=\"font-weight: 400;\"> Jobban alkalmazkodik a vend\u00e9gekhez<\/span><span style=\"font-weight: 400;\"><br \/><\/span><span style=\"font-weight: 400;\">Azonnal tud st\u00edlust v\u00e1ltani a hangulat alapj\u00e1n.<\/span><\/li><li><span style=\"font-weight: 400;\"> \u00c1ltal\u00e1ban kedvez\u0151bb \u00e1r\u00fa, mint egy zenekar<\/span><\/li><li><span style=\"font-weight: 400;\"> Kevesebb helyet ig\u00e9nyel<\/span><\/li><\/ul><p><b>H\u00e1tr\u00e1nyok:<\/b><\/p><ul><li><b> <\/b><span style=\"font-weight: 400;\">A hangulat nagyban m\u00falik a DJ szem\u00e9lyis\u00e9g\u00e9n \u00e9s rutinj\u00e1n<\/span><span style=\"font-weight: 400;\"><br \/><\/span><span style=\"font-weight: 400;\">Egy tapasztalt DJ \u201eolvassa\u201d a k\u00f6z\u00f6ns\u00e9get, egy rutintalan viszont k\u00f6nnyen megt\u00f6rheti a hangulatot.<\/span><\/li><li><span style=\"font-weight: 400;\"> Nem ad \u00e9l\u0151 zenei \u00e9lm\u00e9nyt<\/span><\/li><li><span style=\"font-weight: 400;\"> Fontos el\u0151re egyeztetni a zenei st\u00edlust \u00e9s a tilt\u00f3list\u00e1t<\/span><span style=\"font-weight: 400;\"><br \/><\/span><span style=\"font-weight: 400;\">(pl. milyen zen\u00e9k ne hangozzanak el)<\/span><\/li><\/ul><p><b><strong><i>\u2665\ufe0e <\/i><\/strong>Egyedi megold\u00e1s<\/b><b>: Zenekar + DJ kombin\u00e1ci\u00f3<\/b><\/p><p><span style=\"font-weight: 400;\">Ez az egyik legjobb v\u00e1laszt\u00e1s, mert:<\/span><\/p><ul><li><span style=\"font-weight: 400;\"> a zenekar adja az \u00e9l\u0151 zene var\u00e1zs\u00e1t<\/span><span style=\"font-weight: 400;\"><br \/><\/span><span style=\"font-weight: 400;\">\u2022 a DJ biztos\u00edtja a folyamatos bulit<\/span><span style=\"font-weight: 400;\"><br \/><\/span><span style=\"font-weight: 400;\">\u2022 nincs \u00fcresj\u00e1rat<\/span><span style=\"font-weight: 400;\"><br \/><\/span><span style=\"font-weight: 400;\">\u2022 minden zenei st\u00edlus megval\u00f3s\u00edthat\u00f3<\/span><\/li><\/ul><p><b>K\u00fcl\u00f6nleges hangulatot<\/b><span style=\"font-weight: 400;\"> var\u00e1zsol, ha a vend\u00e9gek \u00fagy \u00e9rkeznek az esk\u00fcv\u0151 helysz\u00edn\u00e9re, hogy \u00e9l\u0151 zene sz\u00f3l. Ugyan\u00edgy a szertart\u00e1s \u00e9s a vacsora alatt is. Ebben az esetben <\/span><b>kisebb zenekarra<\/b><span style=\"font-weight: 400;\">, pl. akusztikus du\u00f3ra, von\u00f3sn\u00e9gyesre vagy egy zongorist\u00e1ra gondoljatok. A vacsor\u00e1t k\u00f6vet\u0151en az este t\u00e1ncos, bulis r\u00e9sz\u00e9n\u00e9l j\u00f6het a <\/span><b>DJ <\/b><span style=\"font-weight: 400;\">hajnalig.\u00a0<\/span><\/p><h5><strong>\ud83d\udca1 Fontos:<\/strong><\/h5><p><span style=\"font-weight: 400;\">A zenekar vagy DJ felel \u00e1ltal\u00e1ban a <\/span><b>hang- \u00e9s f\u00e9nytechnik\u00e1\u00e9rt<\/b><span style=\"font-weight: 400;\"> is. Err\u0151l mindig egyeztessetek el\u0151re!<\/span><\/p><ul><li><span style=\"font-weight: 400;\"> biztos\u00edtj\u00e1k-e a teljes hangos\u00edt\u00e1st<\/span><\/li><li><span style=\"font-weight: 400;\">v\u00e1llalj\u00e1k-e a szertart\u00e1s hangos\u00edt\u00e1s\u00e1t is, van-e plusz k\u00f6lts\u00e9ge<\/span><\/li><li><span style=\"font-weight: 400;\">hoznak-e hangulatvil\u00e1g\u00edt\u00e1st<\/span><\/li><li><span style=\"font-weight: 400;\">van-e tartal\u00e9k technika meghib\u00e1sod\u00e1s eset\u00e9re<\/span><\/li><li><span style=\"font-weight: 400;\"> mikrofon a cerem\u00f3niamesternek<\/span><\/li><\/ul><h5><span style=\"font-weight: 400;\">\ud83d\udccc<\/span> <span style=\"font-weight: 400;\"><strong>Egyeztess\u00e9tek<\/strong>:<\/span><\/h5><ul><li><span style=\"font-weight: 400;\">El\u0151re \u00f6ssze\u00e1ll\u00edtott zenei lista<\/span><\/li><li>Zenei st\u00edlus<\/li><li>\u201eTilt\u00f3lista\u201d (milyen zen\u00e9ket nem szeretn\u00e9tek)<\/li><li>Dedik\u00e1lt sz\u00e1mok:<ul><li>szertart\u00e1s<\/li><li>els\u0151 t\u00e1nc<\/li><li>tortafelv\u00e1g\u00e1s<\/li><li>menyasszonyt\u00e1nc<\/li><\/ul><\/li><\/ul>\t\t\t\t\t\t\t\t<\/div>\n\t\t\t\t<\/div>\n\t\t\t\t<div class=\"elementor-element elementor-element-ebb302f elementor--v-position-bottom elementor--h-position-center elementor-pagination-position-inside elementor-widget elementor-widget-slides\" data-id=\"ebb302f\" data-element_type=\"widget\" data-e-type=\"widget\" data-settings=\"{&quot;navigation&quot;:&quot;dots&quot;,&quot;autoplay_speed&quot;:3000,&quot;autoplay&quot;:&quot;yes&quot;,&quot;infinite&quot;:&quot;yes&quot;,&quot;transition&quot;:&quot;slide&quot;,&quot;transition_speed&quot;:500}\" data-widget_type=\"slides.default\">\n\t\t\t\t<div class=\"elementor-widget-container\">\n\t\t\t\t\t\t\t\t\t<div class=\"elementor-swiper\">\n\t\t\t\t\t<div class=\"elementor-slides-wrapper elementor-main-swiper swiper\" role=\"region\" aria-roledescription=\"carousel\" aria-label=\"Di\u00e1k\" dir=\"ltr\" data-animation=\"fadeInUp\">\n\t\t\t\t<div class=\"swiper-wrapper elementor-slides\">\n\t\t\t\t\t\t\t\t\t\t<div class=\"elementor-repeater-item-a8b424a swiper-slide\" role=\"group\" aria-roledescription=\"slide\"><div class=\"swiper-slide-bg\" role=\"img\" aria-label=\"DJ\"><\/div><div class=\"swiper-slide-inner\" ><div class=\"swiper-slide-contents\"><\/div><\/div><\/div>\t\t\t\t<\/div>\n\t\t\t\t\t\t\t<\/div>\n\t\t\t\t<\/div>\n\t\t\t\t\t\t\t\t<\/div>\n\t\t\t\t<\/div>\n\t\t\t\t<div class=\"elementor-element elementor-element-908aea9 elementor-widget elementor-widget-text-editor\" data-id=\"908aea9\" data-element_type=\"widget\" data-e-type=\"widget\" data-widget_type=\"text-editor.default\">\n\t\t\t\t<div class=\"elementor-widget-container\">\n\t\t\t\t\t\t\t\t\t<h5><b>\ud83d\udcf8<\/b> <b>Fot\u00f3 \u00e9s film \u2013 Az eml\u00e9kek \u0151rz\u0151i<\/b><\/h5><p><span style=\"font-weight: 400;\">Az esk\u00fcv\u0151 napja gyorsan elrep\u00fcl. A fot\u00f3k \u00e9s a film azok, amelyek \u00fajra \u00e9s \u00fajra visszarep\u00edtenek majd ezekbe a pillanatokba.<\/span><\/p><p><span style=\"font-weight: 400;\">A fot\u00f3s \u00e9s a vide\u00f3s <\/span><b>nem egym\u00e1s helyett, hanem egym\u00e1st kieg\u00e9sz\u00edtve dolgoznak<\/b><span style=\"font-weight: 400;\">.<\/span><\/p><p><span style=\"font-weight: 400;\">A fot\u00f3 meg\u00e1ll\u00edt egy pillanatot.<\/span><span style=\"font-weight: 400;\"><br \/><\/span><span style=\"font-weight: 400;\">A vide\u00f3 visszaadja a hangokat, a mozdulatokat \u00e9s az \u00e9rzelmeket.<\/span><\/p><p><b><strong><i>\u2665\ufe0e <\/i><\/strong>Mit tartalmaznak \u00e1ltal\u00e1ban a fot\u00f3s csomagaj\u00e1nlatok?<\/b><\/p><p><span style=\"font-weight: 400;\">A csomagok \u00e1ra f\u00fcgg att\u00f3l, hogy <\/span><b>mekkora id\u0151tartamra<\/b><span style=\"font-weight: 400;\"> k\u00e9ritek \u00e9s <\/span><b>mennyi extra<\/b><span style=\"font-weight: 400;\"> szolg\u00e1ltat\u00e1st tesztek bele.<\/span><\/p><p><span style=\"font-weight: 400;\">Kezd\u0151dhet a csomag a k\u00e9sz\u00fcl\u0151d\u00e9st\u0151l vagy a vend\u00e9gv\u00e1r\u00e1st\u00f3l, \u00e1ltal\u00e1ban hajnal 1 \u00f3r\u00e1ig \u00e9rdemes ig\u00e9nybe venni \u0151ket.\u00a0<\/span><\/p>\t\t\t\t\t\t\t\t<\/div>\n\t\t\t\t<\/div>\n\t\t\t\t<section class=\"elementor-section elementor-inner-section elementor-element elementor-element-f89d7fe elementor-section-boxed elementor-section-height-default elementor-section-height-default\" data-id=\"f89d7fe\" data-element_type=\"section\" data-e-type=\"section\">\n\t\t\t\t\t\t<div class=\"elementor-container elementor-column-gap-default\">\n\t\t\t\t\t<div class=\"elementor-column elementor-col-50 elementor-inner-column elementor-element elementor-element-94546f2\" data-id=\"94546f2\" data-element_type=\"column\" data-e-type=\"column\">\n\t\t\t<div class=\"elementor-widget-wrap elementor-element-populated\">\n\t\t\t\t\t\t<div class=\"elementor-element elementor-element-08718c2 elementor-widget elementor-widget-text-editor\" data-id=\"08718c2\" data-element_type=\"widget\" data-e-type=\"widget\" data-widget_type=\"text-editor.default\">\n\t\t\t\t<div class=\"elementor-widget-container\">\n\t\t\t\t\t\t\t\t\t<p><b>\u00c1ltal\u00e1nos tartalom:<\/b><\/p><ul><li><span style=\"font-weight: 400;\"> k\u00e9sz\u00fcl\u0151d\u00e9s fot\u00f3z\u00e1sa<\/span><\/li><li><span style=\"font-weight: 400;\">first look \u2013 els\u0151 pillanat meg\u00f6r\u00f6k\u00edt\u00e9se, ha az nem az olt\u00e1r el\u0151tt t\u00f6rt\u00e9nik<\/span><\/li><li><span style=\"font-weight: 400;\">szertart\u00e1s<\/span><\/li><li><span style=\"font-weight: 400;\">gratul\u00e1ci\u00f3k<\/span><\/li><li><span style=\"font-weight: 400;\">kreat\u00edv fot\u00f3z\u00e1s<\/span><\/li><li><span style=\"font-weight: 400;\"> fot\u00f3z\u00e1s a csal\u00e1ddal \u00e9s bar\u00e1tokkal<\/span><\/li><li><span style=\"font-weight: 400;\">vacsora \u00e9s besz\u00e9dek<\/span><\/li><li><span style=\"font-weight: 400;\">tortav\u00e1g\u00e1s<\/span><\/li><li><span style=\"font-weight: 400;\">buli<\/span><\/li><\/ul><p><span style=\"font-weight: 400;\">Fontosnak tartom, hogy a <\/span><b>KREAT\u00cdV<\/b><span style=\"font-weight: 400;\"> fot\u00f3z\u00e1sra k\u00fcl\u00f6n kit\u00e9rjek, mert ez nagyban befoly\u00e1solja az esk\u00fcv\u0151i nap menet\u00e9t.\u00a0<\/span><\/p><p><span style=\"font-weight: 400;\">A kreat\u00edv fot\u00f3z\u00e1s az, amikor csak ketten vagytok \u00e9s az esk\u00fcv\u0151 helysz\u00edn\u00e9n vagy ak\u00e1r m\u00e1s el\u0151re kiv\u00e1lasztott helysz\u00ednen k\u00e9sz\u00edt r\u00f3latok a fot\u00f3s k\u00e9peket. \u00c1ltal\u00e1ban 1 \u00f3r\u00e1t vesz ig\u00e9nybe a fot\u00f3z\u00e1s.<\/span><\/p><p><span style=\"font-weight: 400;\">Erre az esk\u00fcv\u0151 napj\u00e1n sor ker\u00fclhet:\u00a0<\/span><\/p><ul><li style=\"font-weight: 400;\" aria-level=\"1\"><span style=\"font-weight: 400;\">Szertart\u00e1s el\u0151tt<\/span><\/li><li style=\"font-weight: 400;\" aria-level=\"1\"><span style=\"font-weight: 400;\">Szertart\u00e1s ut\u00e1n<\/span><\/li><\/ul>\t\t\t\t\t\t\t\t<\/div>\n\t\t\t\t<\/div>\n\t\t\t\t\t<\/div>\n\t\t<\/div>\n\t\t\t\t<div class=\"elementor-column elementor-col-50 elementor-inner-column elementor-element elementor-element-4a2667d\" data-id=\"4a2667d\" data-element_type=\"column\" data-e-type=\"column\">\n\t\t\t<div class=\"elementor-widget-wrap elementor-element-populated\">\n\t\t\t\t\t\t<div class=\"elementor-element elementor-element-3630860 elementor-widget elementor-widget-image\" data-id=\"3630860\" data-element_type=\"widget\" data-e-type=\"widget\" data-widget_type=\"image.default\">\n\t\t\t\t<div class=\"elementor-widget-container\">\n\t\t\t\t\t\t\t\t\t\t\t\t\t\t\t<img fetchpriority=\"high\" decoding=\"async\" width=\"580\" height=\"872\" src=\"https:\/\/baraevent.hu\/wp-content\/uploads\/2026\/04\/fotA\u00b3-681x1024.webp\" class=\"attachment-large size-large wp-image-5298\" alt=\"\" srcset=\"https:\/\/baraevent.hu\/wp-content\/uploads\/2026\/04\/fotA\u00b3-681x1024.webp 681w, https:\/\/baraevent.hu\/wp-content\/uploads\/2026\/04\/fotA\u00b3-200x300.webp 200w, https:\/\/baraevent.hu\/wp-content\/uploads\/2026\/04\/fotA\u00b3-768x1154.webp 768w, https:\/\/baraevent.hu\/wp-content\/uploads\/2026\/04\/fotA\u00b3-8x12.webp 8w, https:\/\/baraevent.hu\/wp-content\/uploads\/2026\/04\/fotA\u00b3-600x902.webp 600w, https:\/\/baraevent.hu\/wp-content\/uploads\/2026\/04\/fotA\u00b3.webp 1000w\" sizes=\"(max-width: 580px) 100vw, 580px\" \/>\t\t\t\t\t\t\t\t\t\t\t\t\t\t\t<\/div>\n\t\t\t\t<\/div>\n\t\t\t\t\t<\/div>\n\t\t<\/div>\n\t\t\t\t\t<\/div>\n\t\t<\/section>\n\t\t\t\t<div class=\"elementor-element elementor-element-9a900c2 elementor-widget elementor-widget-text-editor\" data-id=\"9a900c2\" data-element_type=\"widget\" data-e-type=\"widget\" data-widget_type=\"text-editor.default\">\n\t\t\t\t<div class=\"elementor-widget-container\">\n\t\t\t\t\t\t\t\t\t<p><span style=\"font-weight: 400;\">Vannak p\u00e1rok, akiknek fontos, hogy az esk\u00fcv\u0151 napj\u00e1n el\u0151sz\u00f6r az olt\u00e1r el\u0151tt l\u00e1ss\u00e1k meg egym\u00e1st. Ebben az esetben a szertart\u00e1s ut\u00e1ni kreat\u00edvoz\u00e1s j\u00f6het sz\u00f3ba. Itt figyelembe kell venni, hogy a vend\u00e9geitek kb. 1 \u00f3r\u00e1t \u201eegyed\u00fcl\u201d t\u00f6ltenek, n\u00e9lk\u00fcletek. Gondoskodjatok el\u0151re, hogy kellemesen \u00e9rezz\u00e9k magukat. Legyen friss\u00edt\u0151, falatk\u00e1k, kellemes h\u00e1tt\u00e9rzene, esetleg valamilyen mini program nekik, am\u00edg v\u00e1rnak r\u00e1tok.\u00a0<\/span><\/p><p><b>Extr\u00e1k<\/b><\/p><ul><li style=\"font-weight: 400;\" aria-level=\"1\"><span style=\"font-weight: 400;\">k\u00e9t fot\u00f3s<\/span><\/li><li style=\"font-weight: 400;\" aria-level=\"1\"><span style=\"font-weight: 400;\">dr\u00f3nfelv\u00e9telek<\/span><\/li><li style=\"font-weight: 400;\" aria-level=\"1\"><span style=\"font-weight: 400;\">jegyes fot\u00f3z\u00e1s<\/span><\/li><li style=\"font-weight: 400;\" aria-level=\"1\"><span style=\"font-weight: 400;\">kreat\u00edv fot\u00f3z\u00e1s m\u00e1sik napon<\/span><\/li><li style=\"font-weight: 400;\" aria-level=\"1\"><b>Same Day Slideshow \u2013 <\/b><span style=\"font-weight: 400;\">aznapi esk\u00fcv\u0151i k\u00e9pek levet\u00edt\u00e9se a vacsor\u00e1n\u00e1l\u00a0<\/span><\/li><li style=\"font-weight: 400;\" aria-level=\"1\"><span style=\"font-weight: 400;\">nyomtatott fot\u00f3k\u00f6nyv v\u00e1logatott esk\u00fcv\u0151i k\u00e9pekb\u0151l<\/span><\/li><\/ul><p><b>Pro tipp:\u00a0<\/b><\/p><ul><li aria-level=\"1\"><span style=\"font-weight: 400;\">Bens\u0151s\u00e9ges pillanat a FIRST LOOK \u2013 els\u0151 pillanat meg\u00f6r\u00f6k\u00edt\u00e9se. Ha sz\u00e1motokra elfogadhat\u00f3, hogy m\u00e1r a szertart\u00e1s el\u0151tt is l\u00e1thatj\u00e1tok egym\u00e1st, akkor ezt ne hagyj\u00e1tok ki! Sokkal nyugodtabban fogtok m\u00e1r az olt\u00e1r el\u00e9 s\u00e9t\u00e1lni \u00e9s egym\u00e1sb\u00f3l er\u0151t tudtok mer\u00edteni.<\/span><b>\u00a0<\/b><\/li><li aria-level=\"1\"><span style=\"font-weight: 400;\">KREAT\u00cdV fot\u00f3z\u00e1st sz\u00e9toszthatj\u00e1tok <\/span><b>k\u00e9t r\u00f6videbb<\/b><span style=\"font-weight: 400;\"> r\u00e9szre az 1 \u00f3ra helyett, p\u00e9ld\u00e1ul first look fot\u00f3z\u00e1s \u00e9s vacsora v\u00e9g\u00e9n egy r\u00f6videbb id\u0151s\u00e1v.<\/span><\/li><li aria-level=\"1\"><span style=\"font-weight: 400;\">JEGYESFOT\u00d3Z\u00c1S &#8211; Ez nem csak sz\u00e9p eml\u00e9k, hanem seg\u00edt megszokni a kamer\u00e1t, oldani a fesz\u00fclts\u00e9get, megismerni jobban a fot\u00f3st. Az esk\u00fcv\u0151 napj\u00e1n \u00edgy m\u00e1r nem idegenk\u00e9nt fogtok tal\u00e1lkozni \u00e9s ez sokat seg\u00edt!<\/span><\/li><\/ul><p><b><strong><i>\u2665\ufe0e <\/i><\/strong>Esk\u00fcv\u0151i film<\/b><\/p><p><span style=\"font-weight: 400;\">Sok p\u00e1r dilemm\u00e1ja, hogy sz\u00fcks\u00e9g van-e vide\u00f3sra, vagy elegend\u0151 a fot\u00f3s. Fontos \u00e1tgondolni, hogy a fot\u00f3 \u00e9s a vide\u00f3 teljesen m\u00e1s eml\u00e9ket ad.<\/span><\/p><p><b>El\u0151nyei:\u00a0<\/b><\/p><ul><li style=\"font-weight: 400;\" aria-level=\"1\"><span style=\"font-weight: 400;\">\u00dajra hallhatj\u00e1tok a hangokat: a fogadalmatokat, sz\u00fcleitek k\u00f6sz\u00f6nt\u0151 besz\u00e9d\u00e9t, a nevet\u00e9seket\u2026 Ezeket az \u00e9lm\u00e9nyeket a fot\u00f3 nem tudja visszaadni.\u00a0<\/span><\/li><li style=\"font-weight: 400;\" aria-level=\"1\"><span style=\"font-weight: 400;\">Olyan pillanatokat is l\u00e1ttok a filmen, amiket ott nem. Sok minden t\u00f6rt\u00e9nik p\u00e1rhuzamosan, amit nem is \u00e9rz\u00e9keltek. Ezeket nagyon j\u00f3 visszan\u00e9zni.\u00a0<\/span><\/li><li style=\"font-weight: 400;\" aria-level=\"1\"><span style=\"font-weight: 400;\">\u00c9rzelmek mozg\u00e1sban mutatj\u00e1k meg magukat igaz\u00e1n: ahogy egym\u00e1sra n\u00e9ztek, ahogy megfogj\u00e1tok egym\u00e1s kez\u00e9t, ahogy a sz\u00fcleitek, bar\u00e1taitok reag\u00e1lnak egy-egy mozzanatra.\u00a0<\/span><\/li><li style=\"font-weight: 400;\" aria-level=\"1\"><span style=\"font-weight: 400;\">Id\u0151vel felbecs\u00fclhetetlen eml\u00e9k.<\/span><\/li><\/ul><p><b>H\u00e1tr\u00e1nyai:\u00a0<\/b><\/p><ul><li style=\"font-weight: 400;\" aria-level=\"1\"><span style=\"font-weight: 400;\">Plusz kiad\u00e1s, ha a k\u00f6lts\u00e9gvet\u00e9setekbe belef\u00e9r, akkor ne hagyj\u00e1tok ki.\u00a0<\/span><\/li><li style=\"font-weight: 400;\" aria-level=\"1\"><span style=\"font-weight: 400;\">T\u00f6bb kamera jelenl\u00e9te.\u00a0<\/span><\/li><\/ul><p><b>Csomag tartalma:<\/b><\/p><p><span style=\"font-weight: 400;\">Az \u00e1raz\u00e1s -a fot\u00f3sokhoz hasonl\u00f3an- f\u00fcgg att\u00f3l, hogy <\/span><b>mekkora id\u0151tartamra<\/b><span style=\"font-weight: 400;\"> k\u00e9ritek.<\/span><\/p><p><span style=\"font-weight: 400;\">K\u00e9rhetitek k\u00e9sz\u00fcl\u0151d\u00e9st\u0151l hajnalig, ahogy a fot\u00f3st is.\u00a0<\/span><\/p><ul><li style=\"font-weight: 400;\" aria-level=\"1\"><span style=\"font-weight: 400;\">legelterjedtebb: 3-5 perces film a nap legf\u0151bb mozzanatokr\u00f3l<\/span><\/li><li style=\"font-weight: 400;\" aria-level=\"1\"><span style=\"font-weight: 400;\">film\u00e1tad\u00e1sa pendrive-on<\/span><\/li><\/ul><p><b>Pro tipp:<\/b><\/p><p><b>K\u00f6lts\u00e9ghat\u00e9kony megold\u00e1s, <\/b><span style=\"font-weight: 400;\">ha a vide\u00f3s csak a szertart\u00e1st \u00e9s a k\u00f6sz\u00f6nt\u0151besz\u00e9deket r\u00f6gz\u00edti. Ez csod\u00e1s eml\u00e9k lesz ut\u00f3lag.<\/span><\/p><h5><b>Master of ceremonies<\/b><\/h5><p><span style=\"font-weight: 400;\">A cerem\u00f3niamester az, aki k\u00e9pvisel titeket a vend\u00e9gek \u00e9s a szolg\u00e1ltat\u00f3k fel\u00e9.\u00a0<\/span><\/p><p><span style=\"font-weight: 400;\">\u00c9ppen ez\u00e9rt nagyon fontos, hogy a cerem\u00f3niamester st\u00edlusa illeszkedjen hozz\u00e1tok.\u00a0<\/span><\/p><p><b>Feladatai<\/b><\/p><ul><li><span style=\"font-weight: 400;\"> \u00f6sszefogja \u00e9s koordin\u00e1lja az esem\u00e9nyeket<\/span><\/li><li><span style=\"font-weight: 400;\"> esk\u00fcv\u0151i forgat\u00f3k\u00f6nyv alapj\u00e1n dolgozik (7. r\u00e9szben b\u0151vebben kit\u00e9rek r\u00e1: Hogyan \u00edrj j\u00f3 esk\u00fcv\u0151i forgat\u00f3k\u00f6nyvet?)<\/span><\/li><li><span style=\"font-weight: 400;\">tartja az id\u0151rendet<\/span><\/li><li><span style=\"font-weight: 400;\">t\u00e1j\u00e9koztatja a vend\u00e9geket<\/span><\/li><li><span style=\"font-weight: 400;\">seg\u00edti a szolg\u00e1ltat\u00f3k munk\u00e1j\u00e1t<\/span><\/li><li><span style=\"font-weight: 400;\">kezeli a v\u00e1ratlan helyzeteket<\/span><\/li><\/ul><p><b><strong><i>\u2665\ufe0e <\/i><\/strong>Cerem\u00f3niamester vagy v\u0151f\u00e9ly<\/b><\/p><p><span style=\"font-weight: 400;\">A v\u00e1laszt\u00e1s az esk\u00fcv\u0151t\u00f6k st\u00edlus\u00e1t\u00f3l f\u00fcgg.\u00a0<\/span><\/p><p><strong><i>Master of ceremonies<\/i><\/strong><\/p><ul><li><span style=\"font-weight: 400;\"> modern st\u00edlus<\/span><\/li><li><span style=\"font-weight: 400;\">eleg\u00e1ns<\/span><\/li><li><span style=\"font-weight: 400;\">visszafogott humor<\/span><\/li><li><span style=\"font-weight: 400;\">koordin\u00e1l \u00e9s moder\u00e1l<\/span><\/li><\/ul><p><strong><i>V\u0151f\u00e9ly<\/i><\/strong><\/p><ul><li><span style=\"font-weight: 400;\"> hagyom\u00e1nyos st\u00edlus<\/span><\/li><li><span style=\"font-weight: 400;\">rigmusokban, versik\u00e9kben besz\u00e9l<\/span><\/li><li><span style=\"font-weight: 400;\">n\u00e9pi hagyom\u00e1nyok<\/span><\/li><li><span style=\"font-weight: 400;\">hangs\u00falyos sz\u00f3rakoztat\u00e1s<\/span><\/li><\/ul><p><b><strong><i>\u2665\ufe0e <\/i><\/strong>Cerem\u00f3niamester vagy esk\u00fcv\u0151szervez\u0151\u00a0<\/b><\/p><p><span style=\"font-weight: 400;\">Kieg\u00e9sz\u00edtik egym\u00e1s munk\u00e1j\u00e1t<\/span><\/p><p><i><span style=\"font-weight: 400;\"><strong>Master of ceremonies<\/strong><\/span><\/i><\/p><ul><li style=\"font-weight: 400;\" aria-level=\"1\"><span style=\"font-weight: 400;\">az esk\u00fcv\u0151 napj\u00e1n dolgozik, az esem\u00e9nyeket koordin\u00e1lva<\/span><\/li><li style=\"font-weight: 400;\" aria-level=\"1\"><span style=\"font-weight: 400;\">\u0151 a hang, gyakran van el\u0151t\u00e9rben<\/span><\/li><\/ul><p><i><span style=\"font-weight: 400;\"><strong>The Wedding Planner<\/strong><\/span><\/i><\/p><ul><li style=\"font-weight: 400;\" aria-level=\"1\"><span style=\"font-weight: 400;\">a teljes szervez\u00e9si folyamatban seg\u00edt, t\u00f6bb h\u00f3nappal az esk\u00fcv\u0151 el\u0151tt<\/span><\/li><li style=\"font-weight: 400;\" aria-level=\"1\"><span style=\"font-weight: 400;\">az esk\u00fcv\u0151 napj\u00e1n is koordin\u00e1l, fogadja a szolg\u00e1ltat\u00f3kat<\/span><\/li><li style=\"font-weight: 400;\" aria-level=\"1\"><span style=\"font-weight: 400;\">t\u00f6bb \u00f3r\u00e1val a helysz\u00ednen van \u00e9s mindent leellen\u0151riz, el\u0151k\u00e9sz\u00edt a vend\u00e9gek \u00e9rkez\u00e9se el\u0151tt<\/span><\/li><\/ul><h5><b>Catering \u2013 Vend\u00e9gl\u00e1t\u00e1s<\/b><\/h5><p><span style=\"font-weight: 400;\">A vend\u00e9gek egyik leger\u0151sebb eml\u00e9ke, hogy milyen volt az \u00e9tel \u00e9s az ital.\u00a0<\/span><\/p><p><b><strong><i>\u2665\ufe0e <\/i><\/strong>Mit tartalmaz egy r\u00e9szletes catering\/\u00e9ttermi aj\u00e1nlat:<\/b><\/p><ul><li style=\"font-weight: 400;\" aria-level=\"1\"><span style=\"font-weight: 400;\">vend\u00e9gv\u00e1r\u00f3 falatk\u00e1k<\/span><\/li><li style=\"font-weight: 400;\" aria-level=\"1\"><span style=\"font-weight: 400;\">vend\u00e9gv\u00e1r\u00f3 ital (welcome drink)<\/span><\/li><li style=\"font-weight: 400;\" aria-level=\"1\"><span style=\"font-weight: 400;\">pezsg\u0151s koccint\u00e1s a szertart\u00e1s ut\u00e1n<\/span><\/li><li style=\"font-weight: 400;\" aria-level=\"1\"><span style=\"font-weight: 400;\">vacsora<\/span><\/li><li style=\"font-weight: 400;\" aria-level=\"1\"><span style=\"font-weight: 400;\">\u00e9jf\u00e9li men\u00fc\u00a0<\/span><\/li><li style=\"font-weight: 400;\" aria-level=\"1\"><span style=\"font-weight: 400;\">italcsomag<\/span><\/li><\/ul><p><b><strong><i>\u2665\ufe0e <\/i><\/strong>Vacsora felszolg\u00e1l\u00e1s szerint:<\/b><\/p><p><i><span style=\"font-weight: 400;\">&#8211; Sv\u00e9dasztalos (b\u00fcf\u00e9asztalos)<\/span><\/i><\/p><ul><li><span style=\"font-weight: 400;\"> gyors<\/span><\/li><li><span style=\"font-weight: 400;\">k\u00f6tetlen<\/span><\/li><li><span style=\"font-weight: 400;\">nagyobb v\u00e1laszt\u00e9k<\/span><\/li><\/ul><p><i><span style=\"font-weight: 400;\">&#8211; Kombin\u00e1lt b\u00fcf\u00e9asztalos<\/span><\/i><\/p><ul><li><span style=\"font-weight: 400;\">Legn\u00e9pszer\u0171bb megold\u00e1s.<\/span><\/li><li>Leves felszolg\u00e1lva, t\u00f6bbi \u00e9tel sv\u00e9dasztalon k\u00edn\u00e1lva.<\/li><\/ul><p><i><span style=\"font-weight: 400;\">&#8211; T\u00e1ny\u00e9rszerviz<\/span><\/i><\/p><ul><li><span style=\"font-weight: 400;\"> eleg\u00e1ns<\/span><\/li><li><span style=\"font-weight: 400;\">exkluz\u00edv<\/span><\/li><li><span style=\"font-weight: 400;\"> minim\u00e1lis \u00e9telmarad\u00e9k keletkezik<\/span><\/li><li>Azzal sz\u00e1molni kell, hogy hosszabb ideig tart, mint a t\u00f6bbi szervizforma.\u00a0<\/li><\/ul><p><i><span style=\"font-weight: 400;\">&#8211; Grill vacsora<\/span><\/i><\/p><ul><li><span style=\"font-weight: 400;\">K\u00f6tetlen, ny\u00e1ri esk\u00fcv\u0151kh\u00f6z ide\u00e1lis.<\/span><\/li><\/ul><p><i><span style=\"font-weight: 400;\">&#8211; T\u00e1lszerviz<\/span><\/i><span style=\"font-weight: 400;\"> vagy csal\u00e1di st\u00edlus\u00fa (family-style)\u00a0<\/span><\/p><ul><li><span style=\"font-weight: 400;\">\u00dajra egyre kedveltebb forma. Nem egy nagy b\u0151s\u00e9gt\u00e1lon van minden t\u00e1lalva \u201e\u00f6mlesztve\u201d, hanem a fog\u00e1sokat k\u00fcl\u00f6nb\u00f6z\u0151 t\u00e1lakba szolg\u00e1lj\u00e1k fel \u00e9s a vend\u00e9gek k\u00f6rbe adj\u00e1k egym\u00e1s k\u00f6z\u00f6tt egy-egy asztalon bel\u00fcl.\u00a0<\/span><\/li><\/ul><p><b><strong><i>\u2665\ufe0e <\/i><\/strong>Italcsomag:<\/b><\/p><p><span style=\"font-weight: 400;\">A vacsora kezdet\u00e9t\u0151l indul \u00e9s a buli v\u00e9g\u00e9ig tart.\u00a0<\/span><\/p><ul><li style=\"font-weight: 400;\" aria-level=\"1\"><span style=\"font-weight: 400;\">H\u00e1ny \u00f3r\u00e1ra sz\u00f3l? \u00c1ltal\u00e1ban 8 \u00f3r\u00e1s csomagot aj\u00e1nlanak, amit hosszabb\u00edtani lehet ig\u00e9ny szerint.<\/span><\/li><li style=\"font-weight: 400;\" aria-level=\"1\"><span style=\"font-weight: 400;\">Alkoholmentes csomag: gyerekeknek, szolg\u00e1ltat\u00f3knak<\/span><\/li><li style=\"font-weight: 400;\" aria-level=\"1\"><span style=\"font-weight: 400;\">Alkoholos csomag k\u00e9tf\u00e9le lehet; az \u00fcd\u00edt\u0151k mellett s\u00f6rt \u00e9s bort tartalmaz vagy plusz r\u00f6viditalokat is.\u00a0<\/span><\/li><li style=\"font-weight: 400;\" aria-level=\"1\"><span style=\"font-weight: 400;\">A legt\u00f6bb hely nyitott arra, hogy ti hozz\u00e1tok a r\u00f6viditalokat, azonban ennek plusz felszolg\u00e1l\u00e1si d\u00edja van (dug\u00f3d\u00edj).<\/span><\/li><\/ul><p><b><strong><i>\u2665\ufe0e <\/i><\/strong>Mire figyelj:\u00a0<\/b><\/p><ul><li><span style=\"font-weight: 400;\">T\u00f6bb aj\u00e1nlatot k\u00e9rjetek \u00e9s a kiv\u00e1lasztott cateringhez menjetek el <\/span><b>pr\u00f3bavacsor\u00e1ra<\/b><span style=\"font-weight: 400;\">.<\/span><\/li><li><b>Fenntarthat\u00f3 megold\u00e1s<\/b><span style=\"font-weight: 400;\">: esk\u00fcv\u0151i men\u00fcbe szezon\u00e1lis \u00e9s helyi alapanyagokat is \u00e9p\u00edtsetek be.<\/span><\/li><li><span style=\"font-weight: 400;\">Fontos figyelembe venni<\/span> <span style=\"font-weight: 400;\">vend\u00e9geitek <\/span><b>\u00e9tel\u00e9rz\u00e9kenys\u00e9g\u00e9t<\/b><span style=\"font-weight: 400;\"> (glut\u00e9n, lakt\u00f3z, egy\u00e9b \u00e9tel allergia \u2013 pl. mogyor\u00f3), erre k\u00fcl\u00f6n k\u00e9rdezzetek r\u00e1.\u00a0<\/span><\/li><li><span style=\"font-weight: 400;\">Veget\u00e1ri\u00e1nus\/<\/span><b>veg\u00e1n<\/b><span style=\"font-weight: 400;\"> opci\u00f3ra is gondoljatok.\u00a0<\/span><\/li><li><span style=\"font-weight: 400;\">Kedvezm\u00e9nyes \u00e1r a gyerekeknek<\/span>\u00a0<\/li><\/ul><p><span style=\"font-weight: 400;\">A kulcs-szolg\u00e1ltat\u00f3k eg\u00e9sz nap jelen vannak. A p\u00e1r szokta biztos\u00edtani <\/span><b>\u00e9tkez\u00e9s\u00fcket \u00e9s italfogyaszt\u00e1sukat<\/b><span style=\"font-weight: 400;\"> (alkoholmentes!). A catering csapat kedvezm\u00e9nyes aj\u00e1nlattal szokott k\u00e9sz\u00fclni a szolg\u00e1ltat\u00f3i csapatnak. Fontos \u00e1tgondolni, hogy hova tudnak \u0151k is le\u00fclni majd, elfogyasztani a vacsor\u00e1jukat.<\/span><\/p>\t\t\t\t\t\t\t\t<\/div>\n\t\t\t\t<\/div>\n\t\t\t\t<div class=\"elementor-element elementor-element-35ad922 elementor--v-position-bottom elementor--h-position-center elementor-pagination-position-inside elementor-widget elementor-widget-slides\" data-id=\"35ad922\" data-element_type=\"widget\" data-e-type=\"widget\" data-settings=\"{&quot;navigation&quot;:&quot;dots&quot;,&quot;autoplay_speed&quot;:3000,&quot;autoplay&quot;:&quot;yes&quot;,&quot;infinite&quot;:&quot;yes&quot;,&quot;transition&quot;:&quot;slide&quot;,&quot;transition_speed&quot;:500}\" data-widget_type=\"slides.default\">\n\t\t\t\t<div class=\"elementor-widget-container\">\n\t\t\t\t\t\t\t\t\t<div class=\"elementor-swiper\">\n\t\t\t\t\t<div class=\"elementor-slides-wrapper elementor-main-swiper swiper\" role=\"region\" aria-roledescription=\"carousel\" aria-label=\"Di\u00e1k\" dir=\"ltr\" data-animation=\"fadeInUp\">\n\t\t\t\t<div class=\"swiper-wrapper elementor-slides\">\n\t\t\t\t\t\t\t\t\t\t<div class=\"elementor-repeater-item-a8b424a swiper-slide\" role=\"group\" aria-roledescription=\"slide\"><div class=\"swiper-slide-bg\" role=\"img\" aria-label=\"catering\"><\/div><div class=\"swiper-slide-inner\" ><div class=\"swiper-slide-contents\"><\/div><\/div><\/div>\t\t\t\t<\/div>\n\t\t\t\t\t\t\t<\/div>\n\t\t\t\t<\/div>\n\t\t\t\t\t\t\t\t<\/div>\n\t\t\t\t<\/div>\n\t\t\t\t<div class=\"elementor-element elementor-element-4f489b6 elementor-widget elementor-widget-text-editor\" data-id=\"4f489b6\" data-element_type=\"widget\" data-e-type=\"widget\" data-widget_type=\"text-editor.default\">\n\t\t\t\t<div class=\"elementor-widget-container\">\n\t\t\t\t\t\t\t\t\t<h5><b>Al\u00e1bbi szempontokat minden szolg\u00e1ltat\u00f3n\u00e1l vedd figyelembe:\u00a0<\/b><\/h5><ul><li style=\"font-weight: 400;\" aria-level=\"1\"><b>Szakmai portfoli\u00f3ja<\/b><span style=\"font-weight: 400;\"> legyen, ahol l\u00e1tod, hallod az eddigi munk\u00e1it<\/span><\/li><li style=\"font-weight: 400;\" aria-level=\"1\"><span style=\"font-weight: 400;\">Online vagy szem\u00e9lyes <\/span><b>konzult\u00e1ci\u00f3<\/b><span style=\"font-weight: 400;\">, ismerked\u00e9s minden szolg\u00e1ltat\u00f3val<\/span><\/li><li style=\"font-weight: 400;\" aria-level=\"1\"><span style=\"font-weight: 400;\">Legyen <\/span><b>\u00f6sszhang<\/b><span style=\"font-weight: 400;\"> k\u00f6ztetek! A k\u00e9mia nagyon fontos a kulcs-szolg\u00e1ltat\u00f3k eset\u00e9ben, hiszen \u0151k v\u00e9gig k\u00eds\u00e9rnek titeket majd \u00e9letetek egyik legfontosabb napj\u00e1n. Olyan embereket v\u00e1lasszatok, akik mellett biztons\u00e1gban \u00e9rzitek magatok \u00e9s \u00f6nmagatok lehettek.<\/span><\/li><li style=\"font-weight: 400;\" aria-level=\"1\"><b>Szerz\u0151d\u00e9sk\u00f6t\u00e9s<\/b><span style=\"font-weight: 400;\"> minden szolg\u00e1ltat\u00f3val. Bevett szok\u00e1s, hogy al\u00e1\u00edr\u00e1skor 10% foglal\u00f3t k\u00e9rnek a szolg\u00e1ltat\u00f3k. DE a szolg\u00e1ltat\u00e1si d\u00edj eg\u00e9sz\u00e9t el\u0151re ne fizess\u00e9tek ki!<\/span><\/li><\/ul><h5><b>Lelki \u00fatraval\u00f3<\/b><\/h5><p><span style=\"font-weight: 400;\">\ud83d\udc9b Az esk\u00fcv\u0151 szervez\u00e9se k\u00f6zben k\u00f6nny\u0171 elveszni a r\u00e9szletekben.<\/span><\/p><p><span style=\"font-weight: 400;\">\ud83d\udc9b Az \u00e1rakban, list\u00e1kban, d\u00f6nt\u00e9sekben.<\/span><\/p><p><span style=\"font-weight: 400;\">\ud83d\udc9b S\u0151t, lehet, hogy valamiben nem \u00e9rtetek egyet vagy m\u00e9g \u00f6ssze is vitatkoztok.\u00a0<\/span><\/p><p><span style=\"font-weight: 400;\">\ud83d\udc9b Ez azt jelenti, hogy mindketten sz\u00edvb\u0151l szeretn\u00e9tek, hogy t\u00f6k\u00e9letes legyen ez a nap.<\/span><\/p><p><span style=\"font-weight: 400;\">\ud83d\udc9b De ne vesz\u00edts\u00e9tek szem el\u0151l egym\u00e1st! Esk\u00fcv\u0151t\u00f6k l\u00e9nyege nem a t\u00f6k\u00e9letes program vagy a legdr\u00e1g\u00e1bb dekor\u00e1ci\u00f3, hanem Ti magatok.<\/span><\/p><h5><span style=\"font-weight: 400;\">\ud83d\udccc<\/span> <b>To do lista:<\/b><\/h5><p><span style=\"font-weight: 400;\">\u25a2 DJ vagy zenekar kiv\u00e1laszt\u00e1sa<\/span><\/p><p><span style=\"font-weight: 400;\">\u25a2 Fot\u00f3s kiv\u00e1laszt\u00e1sa<\/span><\/p><p><span style=\"font-weight: 400;\">\u25a2 Vide\u00f3s kiv\u00e1laszt\u00e1sa<\/span><\/p><p><span style=\"font-weight: 400;\">\u25a2 Cerem\u00f3niamester kiv\u00e1laszt\u00e1sa<\/span><\/p><p><span style=\"font-weight: 400;\">\u25a2 Catering kiv\u00e1laszt\u00e1sa<\/span><\/p><p><span style=\"font-weight: 400;\">\u25a2 Szerz\u0151d\u00e9sk\u00f6t\u00e9sek<\/span><\/p><h5><b>5 TIPIKUS HIBA<\/b><b>, amit TE m\u00e1r nem fogsz elk\u00f6vetni:\u00a0<\/b><\/h5><ul><li style=\"font-weight: 400;\" aria-level=\"1\"><span style=\"font-weight: 400;\">Id\u0151z\u00edt\u00e9s \u2013 a helyes szervez\u00e9si l\u00e9p\u00e9sek betart\u00e1sa kulcsfontoss\u00e1g\u00fa. Ebben a MENTOR program nagy seg\u00edts\u00e9gedre lesz! Hagyj el\u00e9g id\u0151t a szervez\u00e9sre!<\/span><\/li><li style=\"font-weight: 400;\" aria-level=\"1\"><span style=\"font-weight: 400;\">Szerz\u0151d\u00e9s \u2013 minden szolg\u00e1ltat\u00f3val \u00edrjatok szerz\u0151d\u00e9st, kit\u00e9rve a lemond\u00e1si felt\u00e9telekre.<\/span><\/li><li style=\"font-weight: 400;\" aria-level=\"1\"><span style=\"font-weight: 400;\">\u201eB\u201d terv hi\u00e1nya &#8211; mindig legyen alternat\u00edv megold\u00e1s rossz id\u0151 eset\u00e9re!<\/span><\/li><li style=\"font-weight: 400;\" aria-level=\"1\"><span style=\"font-weight: 400;\">Vend\u00e9glista\u2013 csak az igaz\u00e1n fontos emberek szerepeljenek rajta.<\/span><\/li><li style=\"font-weight: 400;\" aria-level=\"1\"><span style=\"font-weight: 400;\">Szolg\u00e1ltat\u00f3k ellen\u0151rz\u00e9se: k\u00e9rj referenci\u00e1t, tal\u00e1lkozz vel\u00fck szem\u00e9lyesen vagy besz\u00e9lgess vel\u00fck online.<\/span><\/li><\/ul><p><span style=\"font-weight: 400;\">Consider donating a portion of the <\/span><b>menyasszonyi MENTOR program<\/b><span style=\"font-weight: 400;\"> 60 perces <\/span><b>online konzult\u00e1ci\u00f3t<\/b><span style=\"font-weight: 400;\"> tartalmaz, amit az 3. l\u00e9p\u00e9s ut\u00e1n is ig\u00e9nybe vehetsz, ha m\u00e9g nem tetted meg!<\/span><\/p>\t\t\t\t\t\t\t\t<\/div>\n\t\t\t\t<\/div>\n\t\t\t\t<div class=\"elementor-element elementor-element-8e0ce2c elementor-align-left elementor-widget elementor-widget-button\" data-id=\"8e0ce2c\" data-element_type=\"widget\" data-e-type=\"widget\" data-widget_type=\"button.default\">\n\t\t\t\t<div class=\"elementor-widget-container\">\n\t\t\t\t\t\t\t\t\t<div class=\"elementor-button-wrapper\">\n\t\t\t\t\t<a class=\"elementor-button elementor-button-link elementor-size-sm\" href=\"https:\/\/baraevent.hu\/en\/kapcsolat\/\">\n\t\t\t\t\t\t<span class=\"elementor-button-content-wrapper\">\n\t\t\t\t\t\t\t\t\t<span class=\"elementor-button-text\">Id\u0151pontfoglal\u00e1s<\/span>\n\t\t\t\t\t<\/span>\n\t\t\t\t\t<\/a>\n\t\t\t\t<\/div>\n\t\t\t\t\t\t\t\t<\/div>\n\t\t\t\t<\/div>\n\t\t\t\t\t<\/div>\n\t\t<\/div>\n\t\t\t\t\t<\/div>\n\t\t<\/section>\n\t\t\t\t<\/div>","protected":false},"excerpt":{"rendered":"<p>Esk\u00fcv\u0151szervez\u00e9s 3. l\u00e9p\u00e9se: akik \u00e9letre keltik az esk\u00fcv\u0151t\u00f6ket \u00d6r\u00fcl\u00f6k, hogy itt vagy! Most egy k\u00fcl\u00f6n\u00f6sen meghat\u00e1roz\u00f3 ponthoz \u00e9rkezt\u00e9l az esk\u00fcv\u0151szervez\u00e9sben. Ebben a fejezetben seg\u00edts\u00e9get kapsz azoknak a szolg\u00e1ltat\u00f3knak a kiv\u00e1laszt\u00e1s\u00e1hoz, akik nemcsak jelen lesznek az esk\u00fcv\u0151t\u00f6k\u00f6n, hanem akt\u00edvan form\u00e1lj\u00e1k annak hangulat\u00e1t, ritmus\u00e1t \u00e9s eml\u00e9keit. A 3. r\u00e9sz seg\u00edt Nektek:\u2013 magabiztosan tudjatok d\u00f6nteni, hogy DJ vagy [&hellip;]<\/p>\n","protected":false},"author":1,"featured_media":0,"parent":5225,"menu_order":0,"comment_status":"closed","ping_status":"closed","template":"elementor_header_footer","meta":{"inline_featured_image":false,"_ppp_document_settings_meta":"{\"product_ids\":[{\"label\":\"Menyasszonyi Mentor Program - [#5214]\",\"value\":\"5214\"}],\"delay_restriction_enable\":\"\",\"delay_restriction\":\"\",\"delay_restriction_frequency\":\"day\",\"page_view_restriction_enable\":\"\",\"page_view_restriction\":\"\",\"page_view_restriction_frequency\":\"day\",\"page_view_restriction_enable_time_frame\":\"\",\"page_view_restriction_time_frame\":\"\",\"expire_restriction_enable\":\"\",\"expire_restriction\":\"\",\"expire_restriction_frequency\":\"day\",\"show_warnings\":\"\"}","footnotes":""},"class_list":["post-5292","page","type-page","status-publish","hentry"],"yoast_head":"<!-- This site is optimized with the Yoast SEO plugin v27.4 - https:\/\/yoast.com\/product\/yoast-seo-wordpress\/ -->\n<title>3. Akik \u00e9letre keltik az esk\u00fcv\u0151t\u00f6ket - Bara Wedding<\/title>\n<meta name=\"robots\" content=\"index, follow, max-snippet:-1, max-image-preview:large, max-video-preview:-1\" \/>\n<link rel=\"canonical\" href=\"https:\/\/baraevent.hu\/en\/menyasszonyi-mentor-program\/3-akik-eletre-keltik-az-eskuvotoket\/\" \/>\n<meta property=\"og:locale\" content=\"en_GB\" \/>\n<meta property=\"og:type\" content=\"article\" \/>\n<meta property=\"og:title\" content=\"3. Akik \u00e9letre keltik az esk\u00fcv\u0151t\u00f6ket - Bara Wedding\" \/>\n<meta property=\"og:description\" content=\"Esk\u00fcv\u0151szervez\u00e9s 3. l\u00e9p\u00e9se: akik \u00e9letre keltik az esk\u00fcv\u0151t\u00f6ket \u00d6r\u00fcl\u00f6k, hogy itt vagy! Most egy k\u00fcl\u00f6n\u00f6sen meghat\u00e1roz\u00f3 ponthoz \u00e9rkezt\u00e9l az esk\u00fcv\u0151szervez\u00e9sben. Ebben a fejezetben seg\u00edts\u00e9get kapsz azoknak a szolg\u00e1ltat\u00f3knak a kiv\u00e1laszt\u00e1s\u00e1hoz, akik nemcsak jelen lesznek az esk\u00fcv\u0151t\u00f6k\u00f6n, hanem akt\u00edvan form\u00e1lj\u00e1k annak hangulat\u00e1t, ritmus\u00e1t \u00e9s eml\u00e9keit. A 3. r\u00e9sz seg\u00edt Nektek:\u2013 magabiztosan tudjatok d\u00f6nteni, hogy DJ vagy [&hellip;]\" \/>\n<meta property=\"og:url\" content=\"https:\/\/baraevent.hu\/en\/menyasszonyi-mentor-program\/3-akik-eletre-keltik-az-eskuvotoket\/\" \/>\n<meta property=\"og:site_name\" content=\"Bara Wedding\" \/>\n<meta property=\"article:publisher\" content=\"http:\/\/www.facebook.com\/baraeskuvo\/\" \/>\n<meta property=\"article:modified_time\" content=\"2026-04-02T14:07:03+00:00\" \/>\n<meta name=\"twitter:card\" content=\"summary_large_image\" \/>\n<meta name=\"twitter:label1\" content=\"Estimated reading time\" \/>\n\t<meta name=\"twitter:data1\" content=\"10 minutes\" \/>\n<script type=\"application\/ld+json\" class=\"yoast-schema-graph\">{\"@context\":\"https:\\\/\\\/schema.org\",\"@graph\":[{\"@type\":\"WebPage\",\"@id\":\"https:\\\/\\\/baraevent.hu\\\/menyasszonyi-mentor-program\\\/3-akik-eletre-keltik-az-eskuvotoket\\\/\",\"url\":\"https:\\\/\\\/baraevent.hu\\\/menyasszonyi-mentor-program\\\/3-akik-eletre-keltik-az-eskuvotoket\\\/\",\"name\":\"3. Akik \u00e9letre keltik az esk\u00fcv\u0151t\u00f6ket - Bara Wedding\",\"isPartOf\":{\"@id\":\"https:\\\/\\\/baraevent.hu\\\/#website\"},\"datePublished\":\"2026-04-02T13:34:26+00:00\",\"dateModified\":\"2026-04-02T14:07:03+00:00\",\"breadcrumb\":{\"@id\":\"https:\\\/\\\/baraevent.hu\\\/menyasszonyi-mentor-program\\\/3-akik-eletre-keltik-az-eskuvotoket\\\/#breadcrumb\"},\"inLanguage\":\"en-GB\",\"potentialAction\":[{\"@type\":\"ReadAction\",\"target\":[\"https:\\\/\\\/baraevent.hu\\\/menyasszonyi-mentor-program\\\/3-akik-eletre-keltik-az-eskuvotoket\\\/\"]}]},{\"@type\":\"BreadcrumbList\",\"@id\":\"https:\\\/\\\/baraevent.hu\\\/menyasszonyi-mentor-program\\\/3-akik-eletre-keltik-az-eskuvotoket\\\/#breadcrumb\",\"itemListElement\":[{\"@type\":\"ListItem\",\"position\":1,\"name\":\"Home\",\"item\":\"https:\\\/\\\/baraevent.hu\\\/\"},{\"@type\":\"ListItem\",\"position\":2,\"name\":\"Menyasszonyi Mentor Program\",\"item\":\"https:\\\/\\\/baraevent.hu\\\/menyasszonyi-mentor-program\\\/\"},{\"@type\":\"ListItem\",\"position\":3,\"name\":\"3. Akik \u00e9letre keltik az esk\u00fcv\u0151t\u00f6ket\"}]},{\"@type\":\"WebSite\",\"@id\":\"https:\\\/\\\/baraevent.hu\\\/#website\",\"url\":\"https:\\\/\\\/baraevent.hu\\\/\",\"name\":\"www.baraevent.hu\",\"description\":\"\",\"publisher\":{\"@id\":\"https:\\\/\\\/baraevent.hu\\\/#organization\"},\"potentialAction\":[{\"@type\":\"SearchAction\",\"target\":{\"@type\":\"EntryPoint\",\"urlTemplate\":\"https:\\\/\\\/baraevent.hu\\\/?s={search_term_string}\"},\"query-input\":{\"@type\":\"PropertyValueSpecification\",\"valueRequired\":true,\"valueName\":\"search_term_string\"}}],\"inLanguage\":\"en-GB\"},{\"@type\":\"Organization\",\"@id\":\"https:\\\/\\\/baraevent.hu\\\/#organization\",\"name\":\"Bara Wedding\",\"url\":\"https:\\\/\\\/baraevent.hu\\\/\",\"logo\":{\"@type\":\"ImageObject\",\"inLanguage\":\"en-GB\",\"@id\":\"https:\\\/\\\/baraevent.hu\\\/#\\\/schema\\\/logo\\\/image\\\/\",\"url\":\"https:\\\/\\\/baraevent.hu\\\/wp-content\\\/uploads\\\/2019\\\/11\\\/logo-e1593417291257.png\",\"contentUrl\":\"https:\\\/\\\/baraevent.hu\\\/wp-content\\\/uploads\\\/2019\\\/11\\\/logo-e1593417291257.png\",\"width\":700,\"height\":276,\"caption\":\"Bara Wedding\"},\"image\":{\"@id\":\"https:\\\/\\\/baraevent.hu\\\/#\\\/schema\\\/logo\\\/image\\\/\"},\"sameAs\":[\"http:\\\/\\\/www.facebook.com\\\/baraeskuvo\\\/\",\"https:\\\/\\\/www.instagram.com\\\/weddingbara\"]}]}<\/script>\n<!-- \/ Yoast SEO plugin. -->","yoast_head_json":{"title":"3. Akik \u00e9letre keltik az esk\u00fcv\u0151t\u00f6ket - Bara Wedding","robots":{"index":"index","follow":"follow","max-snippet":"max-snippet:-1","max-image-preview":"max-image-preview:large","max-video-preview":"max-video-preview:-1"},"canonical":"https:\/\/baraevent.hu\/en\/menyasszonyi-mentor-program\/3-akik-eletre-keltik-az-eskuvotoket\/","og_locale":"en_GB","og_type":"article","og_title":"3. Akik \u00e9letre keltik az esk\u00fcv\u0151t\u00f6ket - Bara Wedding","og_description":"Esk\u00fcv\u0151szervez\u00e9s 3. l\u00e9p\u00e9se: akik \u00e9letre keltik az esk\u00fcv\u0151t\u00f6ket \u00d6r\u00fcl\u00f6k, hogy itt vagy! Most egy k\u00fcl\u00f6n\u00f6sen meghat\u00e1roz\u00f3 ponthoz \u00e9rkezt\u00e9l az esk\u00fcv\u0151szervez\u00e9sben. Ebben a fejezetben seg\u00edts\u00e9get kapsz azoknak a szolg\u00e1ltat\u00f3knak a kiv\u00e1laszt\u00e1s\u00e1hoz, akik nemcsak jelen lesznek az esk\u00fcv\u0151t\u00f6k\u00f6n, hanem akt\u00edvan form\u00e1lj\u00e1k annak hangulat\u00e1t, ritmus\u00e1t \u00e9s eml\u00e9keit. A 3. r\u00e9sz seg\u00edt Nektek:\u2013 magabiztosan tudjatok d\u00f6nteni, hogy DJ vagy [&hellip;]","og_url":"https:\/\/baraevent.hu\/en\/menyasszonyi-mentor-program\/3-akik-eletre-keltik-az-eskuvotoket\/","og_site_name":"Bara Wedding","article_publisher":"http:\/\/www.facebook.com\/baraeskuvo\/","article_modified_time":"2026-04-02T14:07:03+00:00","twitter_card":"summary_large_image","twitter_misc":{"Estimated reading time":"10 minutes"},"schema":{"@context":"https:\/\/schema.org","@graph":[{"@type":"WebPage","@id":"https:\/\/baraevent.hu\/menyasszonyi-mentor-program\/3-akik-eletre-keltik-az-eskuvotoket\/","url":"https:\/\/baraevent.hu\/menyasszonyi-mentor-program\/3-akik-eletre-keltik-az-eskuvotoket\/","name":"3. Akik \u00e9letre keltik az esk\u00fcv\u0151t\u00f6ket - Bara Wedding","isPartOf":{"@id":"https:\/\/baraevent.hu\/#website"},"datePublished":"2026-04-02T13:34:26+00:00","dateModified":"2026-04-02T14:07:03+00:00","breadcrumb":{"@id":"https:\/\/baraevent.hu\/menyasszonyi-mentor-program\/3-akik-eletre-keltik-az-eskuvotoket\/#breadcrumb"},"inLanguage":"en-GB","potentialAction":[{"@type":"ReadAction","target":["https:\/\/baraevent.hu\/menyasszonyi-mentor-program\/3-akik-eletre-keltik-az-eskuvotoket\/"]}]},{"@type":"BreadcrumbList","@id":"https:\/\/baraevent.hu\/menyasszonyi-mentor-program\/3-akik-eletre-keltik-az-eskuvotoket\/#breadcrumb","itemListElement":[{"@type":"ListItem","position":1,"name":"Home","item":"https:\/\/baraevent.hu\/"},{"@type":"ListItem","position":2,"name":"Menyasszonyi Mentor Program","item":"https:\/\/baraevent.hu\/menyasszonyi-mentor-program\/"},{"@type":"ListItem","position":3,"name":"3. Akik \u00e9letre keltik az esk\u00fcv\u0151t\u00f6ket"}]},{"@type":"WebSite","@id":"https:\/\/baraevent.hu\/#website","url":"https:\/\/baraevent.hu\/","name":"www.baraevent.hu","description":"","publisher":{"@id":"https:\/\/baraevent.hu\/#organization"},"potentialAction":[{"@type":"SearchAction","target":{"@type":"EntryPoint","urlTemplate":"https:\/\/baraevent.hu\/?s={search_term_string}"},"query-input":{"@type":"PropertyValueSpecification","valueRequired":true,"valueName":"search_term_string"}}],"inLanguage":"en-GB"},{"@type":"Organization","@id":"https:\/\/baraevent.hu\/#organization","name":"Bara Wedding","url":"https:\/\/baraevent.hu\/","logo":{"@type":"ImageObject","inLanguage":"en-GB","@id":"https:\/\/baraevent.hu\/#\/schema\/logo\/image\/","url":"https:\/\/baraevent.hu\/wp-content\/uploads\/2019\/11\/logo-e1593417291257.png","contentUrl":"https:\/\/baraevent.hu\/wp-content\/uploads\/2019\/11\/logo-e1593417291257.png","width":700,"height":276,"caption":"Bara Wedding"},"image":{"@id":"https:\/\/baraevent.hu\/#\/schema\/logo\/image\/"},"sameAs":["http:\/\/www.facebook.com\/baraeskuvo\/","https:\/\/www.instagram.com\/weddingbara"]}]}},"_links":{"self":[{"href":"https:\/\/baraevent.hu\/en\/wp-json\/wp\/v2\/pages\/5292","targetHints":{"allow":["GET"]}}],"collection":[{"href":"https:\/\/baraevent.hu\/en\/wp-json\/wp\/v2\/pages"}],"about":[{"href":"https:\/\/baraevent.hu\/en\/wp-json\/wp\/v2\/types\/page"}],"author":[{"embeddable":true,"href":"https:\/\/baraevent.hu\/en\/wp-json\/wp\/v2\/users\/1"}],"replies":[{"embeddable":true,"href":"https:\/\/baraevent.hu\/en\/wp-json\/wp\/v2\/comments?post=5292"}],"version-history":[{"count":5,"href":"https:\/\/baraevent.hu\/en\/wp-json\/wp\/v2\/pages\/5292\/revisions"}],"predecessor-version":[{"id":5315,"href":"https:\/\/baraevent.hu\/en\/wp-json\/wp\/v2\/pages\/5292\/revisions\/5315"}],"up":[{"embeddable":true,"href":"https:\/\/baraevent.hu\/en\/wp-json\/wp\/v2\/pages\/5225"}],"wp:attachment":[{"href":"https:\/\/baraevent.hu\/en\/wp-json\/wp\/v2\/media?parent=5292"}],"curies":[{"name":"wp","href":"https:\/\/api.w.org\/{rel}","templated":true}]}}